{"id":966,"date":"2021-04-29T09:29:51","date_gmt":"2021-04-29T09:29:51","guid":{"rendered":"http:\/\/volvo4xx.hu\/?page_id=966"},"modified":"2025-08-30T15:41:45","modified_gmt":"2025-08-30T15:41:45","slug":"960-2","status":"publish","type":"page","link":"https:\/\/volvo4xx.hu\/?page_id=966","title":{"rendered":"960"},"content":{"rendered":"\n<figure class=\"wp-block-image size-large\"><img loading=\"lazy\" decoding=\"async\" width=\"977\" height=\"393\" src=\"http:\/\/volvo4xx.hu\/wp-content\/uploads\/2021\/02\/960.png\" alt=\"\" class=\"wp-image-583\" srcset=\"https:\/\/volvo4xx.hu\/wp-content\/uploads\/2021\/02\/960.png 977w, https:\/\/volvo4xx.hu\/wp-content\/uploads\/2021\/02\/960-300x121.png 300w, https:\/\/volvo4xx.hu\/wp-content\/uploads\/2021\/02\/960-768x309.png 768w\" sizes=\"(max-width: 977px) 100vw, 977px\" \/><\/figure>\n\n\n\n<p><strong>Honnan indult a 960-as?<\/strong> A gy\u00f6kerek az 1980-as \u00e9vek legelej\u00e9ig ny\u00falnak vissza, ekkor kezd\u0151d\u00f6tt G\u00f6teborgban egy teljesen <a href=\"https:\/\/youtu.be\/9lFTQy1zWhs\" data-type=\"URL\" data-id=\"https:\/\/youtu.be\/9lFTQy1zWhs\">\u00faj protot\u00edpus fejleszt\u00e9se<\/a> (projekt felel\u0151s Hans Gustavsson). A <a href=\"https:\/\/youtu.be\/-7_H_aZtLl8\">11.55 projekt<\/a>&nbsp;keret\u00e9ben \u2013 a kettes sorozat ut\u00f3djak\u00e9nt \u2013 a hetes sorozat els\u0151 darabja, a 760-as az egyik legsikeresebb nagyaut\u00f3ja lett a gy\u00e1rnak. A <a href=\"https:\/\/youtu.be\/gGM8dWFWIcI\" data-type=\"URL\" data-id=\"https:\/\/youtu.be\/gGM8dWFWIcI\">hathengeres<\/a> 760-as ut\u00e1n k\u00f6vetkezett a n\u00e9gyhengeres 740-es, majd k\u00e9s\u0151bb j\u00f6tt a Bertone f\u00e9le 780-as. A klasszikus doboz form\u00e1j\u00fa karossz\u00e9ria nyert a protot\u00edpus fejleszt\u00e9s sor\u00e1n v\u00e9gzett fogyaszt\u00f3i teszteken. A rengeteg v\u00e1zlatb\u00f3l a limuzin \u00e9s a kombi v\u00e1ltozatok maradtak meg, ezek hossz\u00edtott, hatajt\u00f3s, ny\u00fajtott tengelyt\u00e1v\u00fa kis sorozatban gy\u00e1rtott v\u00e1ltozatai is megjelentek. A n\u00e9pszer\u0171 t\u00edpus tov\u00e1bb \u00e9lt a 940-960-S90\/V90-esben, folyamatosan fejlesztett\u00e9k ezeket.<\/p>\n\n\n\n<figure class=\"wp-block-embed aligncenter is-type-video is-provider-youtube wp-block-embed-youtube wp-embed-aspect-16-9 wp-has-aspect-ratio\"><div class=\"wp-block-embed__wrapper\">\n<iframe loading=\"lazy\" title=\"Volvo 960 3.0 24V Couture (1996) - Unser KILOMETER-K\u00d6NIG!\" width=\"640\" height=\"360\" src=\"https:\/\/www.youtube.com\/embed\/GFVtGd-SVp4?feature=oembed\" frameborder=\"0\" allow=\"accelerometer; autoplay; clipboard-write; encrypted-media; gyroscope; picture-in-picture; web-share\" referrerpolicy=\"strict-origin-when-cross-origin\" allowfullscreen><\/iframe>\n<\/div><\/figure>\n\n\n\n<p>Az egyik legnagyobb darabsz\u00e1mban el\u0151\u00e1ll\u00edtott, h\u00e1ts\u00f3ker\u00e9k hajt\u00e1s\u00fa VOLVO a hetes \u00e9s az ebb\u0151l kifejlesztett kilences t\u00edpuscsal\u00e1d (a 2001-ig gy\u00e1rtott VOLVO szem\u00e9lyg\u00e9pkocsik darabsz\u00e1m\u00e1nak alakul\u00e1sa&nbsp;<a rel=\"noreferrer noopener\" href=\"http:\/\/volvo4xx.hu\/wp-content\/uploads\/2021\/02\/darabszam_2001_ig.pdf\" target=\"_blank\">ITT!<\/a>) lett. A 740-760-as sz\u00f6gletes <a rel=\"noreferrer noopener\" href=\"http:\/\/volvo4xx.hu\/wp-content\/uploads\/2021\/04\/2.jpg\" data-type=\"URL\" data-id=\"http:\/\/volvo4xx.hu\/wp-content\/uploads\/2021\/04\/2.jpg\" target=\"_blank\">\u00e9leinek g\u00f6mb\u00f6ly\u00edt\u00e9se<\/a>, karossz\u00e9ri\u00e1j\u00e1nak finom\u00edt\u00e1sa az \u00faj 940-960-as megjelen\u00e9s\u00e9vel kezd\u0151d\u00f6tt, azt\u00e1n m\u00e9g k\u00f6vetkezett egy apr\u00f3 r\u00e1ncfelvarr\u00e1s, ennek eredm\u00e9nye az S90\/V90.<\/p>\n\n\n\n<figure class=\"wp-block-image size-full\"><img loading=\"lazy\" decoding=\"async\" width=\"977\" height=\"721\" src=\"http:\/\/volvo4xx.hu\/wp-content\/uploads\/2022\/01\/S90.png\" alt=\"\" class=\"wp-image-1171\" srcset=\"https:\/\/volvo4xx.hu\/wp-content\/uploads\/2022\/01\/S90.png 977w, https:\/\/volvo4xx.hu\/wp-content\/uploads\/2022\/01\/S90-300x221.png 300w, https:\/\/volvo4xx.hu\/wp-content\/uploads\/2022\/01\/S90-768x567.png 768w\" sizes=\"(max-width: 977px) 100vw, 977px\" \/><\/figure>\n\n\n\n<hr class=\"wp-block-separator has-css-opacity is-style-wide\"\/>\n\n\n<div class=\"wp-block-image\">\n<figure class=\"alignleft size-large\"><img loading=\"lazy\" decoding=\"async\" width=\"634\" height=\"855\" src=\"http:\/\/volvo4xx.hu\/wp-content\/uploads\/2021\/04\/meretek.jpg\" alt=\"\" class=\"wp-image-970\" srcset=\"https:\/\/volvo4xx.hu\/wp-content\/uploads\/2021\/04\/meretek.jpg 634w, https:\/\/volvo4xx.hu\/wp-content\/uploads\/2021\/04\/meretek-222x300.jpg 222w\" sizes=\"(max-width: 634px) 100vw, 634px\" \/><\/figure><\/div>\n\n\n<p>Ahogy a cs\u00edkl\u00e1mp\u00e1s 960-as f\u0151 m\u00e9retei mutatj\u00e1k, ezek megegyeznek a hetesek\u00e9vel. Ennek ellen\u00e9re egy teljesen \u00fajratervezett karossz\u00e9ria form\u00e1r\u00f3l besz\u00e9lhet\u00fcnk. Ez az \u00e1talak\u00edt\u00e1s a gy\u00e1rt\u00e1s \u00e9s fejleszt\u00e9s hossz\u00fa \u00e9vei alatt az els\u0151-h\u00e1ts\u00f3 fut\u00f3m\u0171, az \u00fctk\u00f6z\u0151z\u00f3n\u00e1k korszer\u0171s\u00edt\u00e9s\u00e9t, a SIPS rendszer alkalmaz\u00e1s\u00e1t, a teljes belt\u00e9r \u00e9s  a motorpaletta meg\u00faj\u00edt\u00e1s\u00e1t is jelentette. Az aut\u00f3 elej\u00e9t, h\u00e1tulj\u00e1t teljesen \u00e1trajzolt\u00e1k, a C oszlop, a tet\u0151vonal is v\u00e1ltozott, az els\u0151 \u00e9s h\u00e1ts\u00f3 sz\u00e9lv\u00e9d\u0151k is m\u00e1s \u00edv\u0171ek lettek. Az 1995-\u00f6s modell\u00e9vben jelent meg a cs\u00edkl\u00e1mp\u00e1s 960-as, amit a gy\u00e1rt\u00e1s utols\u00f3 k\u00e9t \u00e9v\u00e9ben \u00e1tneveztek S\/V90-re. <\/p>\n\n\n\n<figure class=\"wp-block-embed aligncenter is-type-video is-provider-youtube wp-block-embed-youtube wp-embed-aspect-16-9 wp-has-aspect-ratio\"><div class=\"wp-block-embed__wrapper\">\n<iframe loading=\"lazy\" title=\"Car History - Volvo 900 Series\" width=\"640\" height=\"360\" src=\"https:\/\/www.youtube.com\/embed\/3O2NEtRmhf4?feature=oembed\" frameborder=\"0\" allow=\"accelerometer; autoplay; clipboard-write; encrypted-media; gyroscope; picture-in-picture; web-share\" referrerpolicy=\"strict-origin-when-cross-origin\" allowfullscreen><\/iframe>\n<\/div><\/figure>\n\n\n\n<hr class=\"wp-block-separator has-css-opacity is-style-wide\"\/>\n\n\n\n<p>A magas elad\u00e1si darabsz\u00e1mok miatt a fronthajt\u00e1s\u00fa 850-es bevezet\u00e9se ut\u00e1n is gy\u00e1rt\u00e1sban maradt a t\u00edpus, eg\u00e9szen 1998-ig. A saj\u00e1t fejleszt\u00e9s\u0171, teljes eg\u00e9sz\u00e9ben alum\u00edniumb\u00f3l k\u00e9sz\u00fclt <a href=\"https:\/\/volvo.blog.hu\/2019\/03\/26\/melyik_motor_volvo_motor_2_resz_ami_kifejezetten_volvo_motor\" data-type=\"URL\" data-id=\"https:\/\/volvo.blog.hu\/2019\/03\/26\/melyik_motor_volvo_motor_2_resz_ami_kifejezetten_volvo_motor\"><strong>modul\u00e1ris hathengeres motor<\/strong><\/a> \u00f6thengeres v\u00e1ltozat\u00e1t kapta meg a 850-es is, de k\u00e9s\u0151bb az S\/V70, S\/V40-esek is ezt kapt\u00e1k, s\u0151t itt a n\u00e9gyes Volv\u00f3kkal ellent\u00e9tes folyamat zajlott le: a franci\u00e1k \u00e1tvett\u00e9k \u00e9s a nagy Renault-jaikba \u00e9p\u00edtett\u00e9k be a sv\u00e9d tervez\u00e9s\u0171 er\u0151forr\u00e1st.  <\/p>\n\n\n<div class=\"wp-block-image\">\n<figure class=\"aligncenter size-large\"><img loading=\"lazy\" decoding=\"async\" width=\"1024\" height=\"695\" src=\"http:\/\/volvo4xx.hu\/wp-content\/uploads\/2022\/08\/960_kasztniszerk-1024x695.jpg\" alt=\"\" class=\"wp-image-1454\" srcset=\"https:\/\/volvo4xx.hu\/wp-content\/uploads\/2022\/08\/960_kasztniszerk-1024x695.jpg 1024w, https:\/\/volvo4xx.hu\/wp-content\/uploads\/2022\/08\/960_kasztniszerk-300x204.jpg 300w, https:\/\/volvo4xx.hu\/wp-content\/uploads\/2022\/08\/960_kasztniszerk-768x521.jpg 768w, https:\/\/volvo4xx.hu\/wp-content\/uploads\/2022\/08\/960_kasztniszerk-1536x1042.jpg 1536w, https:\/\/volvo4xx.hu\/wp-content\/uploads\/2022\/08\/960_kasztniszerk-2048x1389.jpg 2048w\" sizes=\"(max-width: 1024px) 100vw, 1024px\" \/><\/figure><\/div>\n\n\n<hr class=\"wp-block-separator has-css-opacity is-style-wide\"\/>\n\n\n<div class=\"wp-block-image\">\n<figure class=\"alignleft size-large\"><img loading=\"lazy\" decoding=\"async\" width=\"250\" height=\"48\" src=\"http:\/\/volvo4xx.hu\/wp-content\/uploads\/2021\/02\/EROFORRAS_VALTO-1.jpg\" alt=\"\" class=\"wp-image-627\"\/><\/figure><\/div>\n\n\n<p>Az 1990-ben megjelent 960-asok er\u0151forr\u00e1sa a <strong>B6304F<\/strong> k\u00f3djel alatt futott. A k\u00f3dsz\u00e1mok jelent\u00e9se: <strong>B<\/strong>enzin\u00fczem, <strong>6<\/strong> henger, <strong>3<\/strong> literes \u0171rtartalom, hengerenk\u00e9nti <strong>4<\/strong> szelep (k\u00e9s\u0151bb megjelent a 2.5 literes, takar\u00e9kosabb v\u00e1ltozat). A blokk teljes eg\u00e9sz\u00e9b\u0151l k\u00f6nny\u0171f\u00e9mb\u0151l k\u00e9sz\u00fclt (182 kg). A maga 204 LE-s teljes\u00edtm\u00e9ny\u00e9vel b\u0151ven el\u00e9gs\u00e9ges volt az 1,6 tonn\u00e1s aut\u00f3 rugalmas gyors\u00edt\u00e1s\u00e1hoz. A motor a maxim\u00e1lis 276 kN nyomat\u00e9k\u00e1t 4300\/min fordulatn\u00e1l \u00e9ri el. <\/p>\n\n\n<figure class=\"wp-block-image alignleft size-large is-resized\"><img loading=\"lazy\" decoding=\"async\" width=\"542\" height=\"558\" src=\"http:\/\/volvo4xx.hu\/wp-content\/uploads\/2021\/04\/B6304FS.jpg\" alt=\"\" class=\"wp-image-987\" style=\"width:606px;height:624px\" srcset=\"https:\/\/volvo4xx.hu\/wp-content\/uploads\/2021\/04\/B6304FS.jpg 542w, https:\/\/volvo4xx.hu\/wp-content\/uploads\/2021\/04\/B6304FS-291x300.jpg 291w\" sizes=\"(max-width: 542px) 100vw, 542px\" \/><\/figure>\n\n\n<p>Kiegyens\u00falyozott, sima, remeg\u00e9s n\u00e9lk\u00fcli j\u00e1r\u00e1sa a sorhatos motorok iskolap\u00e9ld\u00e1ja. A legoptim\u00e1lisabb j\u00e1r\u00e1s\u00faak a hat hengeres soros motorok, nem sz\u00fcks\u00e9ges kiegyens\u00falyoz\u00f3 tengely, nincs b\u00f3logat\u00f3, r\u00e1ngat\u00f3 blokk, mint az \u00f6thengeresn\u00e9l, egyszer\u0171bb a fel\u00e9p\u00edt\u00e9se, mint a V6-os, vagy boxermotor, a le\u00f6ml\u0151kh\u00f6z k\u00f6zel be\u00e9p\u00edthet\u0151 a kataliz\u00e1tor, nem kell dupl\u00e1zni a le\u00f6ml\u0151ket \u00e9s kataliz\u00e1torokat, a befecskendez\u0151 rendszer \u00e9s a t\u00f6bbi perif\u00e9rikus egys\u00e9g j\u00f3l elhelyezhet\u0151, k\u00f6nnyen hozz\u00e1f\u00e9rhet\u0151. Egyed\u00fcli h\u00e1tr\u00e1nyk\u00e9nt a motor nagyobb helyig\u00e9ny\u00e9t eml\u00edtik, de ez egy Volvo motort\u00e9rn\u00e9l nem okozott sosem gondot. A motor mell\u00e9 t\u00e1rs\u00edtott automata v\u00e1lt\u00f3 jap\u00e1n gy\u00f6kerekkel b\u00edr, n\u00e9gyfokozat\u00fa AISIN AW40. A h\u00e1rom utaz\u00e1si m\u00f3d gombnyom\u00e1ssal kapcsolhat\u00f3: a gazdas\u00e1gos (<strong>E<\/strong>conomy), <strong>S<\/strong>port \u00e9s a t\u00e9li aut\u00f3z\u00e1sra hangolt (<strong>W<\/strong>inter) utaz\u00e1si m\u00f3dok. A 2,5 literes 960-asokat hagyom\u00e1nyos manu\u00e1lis \u00f6tfokozat\u00fa v\u00e1lt\u00f3val szerelt\u00e9k.   <\/p>\n\n\n\n<p><\/p>\n\n\n\n<div class=\"wp-block-group\"><div class=\"wp-block-group__inner-container is-layout-flow wp-block-group-is-layout-flow\">\n<figure class=\"wp-block-gallery has-nested-images columns-default is-cropped wp-block-gallery-1 is-layout-flex wp-block-gallery-is-layout-flex\">\n<figure class=\"wp-block-image size-large\"><img loading=\"lazy\" decoding=\"async\" width=\"604\" height=\"807\" src=\"http:\/\/volvo4xx.hu\/wp-content\/uploads\/2021\/04\/motor.jpg\" alt=\"\" class=\"wp-image-981\" srcset=\"https:\/\/volvo4xx.hu\/wp-content\/uploads\/2021\/04\/motor.jpg 604w, https:\/\/volvo4xx.hu\/wp-content\/uploads\/2021\/04\/motor-225x300.jpg 225w\" sizes=\"(max-width: 604px) 100vw, 604px\" \/><\/figure>\n\n\n\n<figure class=\"wp-block-image size-large\"><img loading=\"lazy\" decoding=\"async\" width=\"598\" height=\"843\" src=\"http:\/\/volvo4xx.hu\/wp-content\/uploads\/2021\/04\/nyomatekgorbe.jpg\" alt=\"\" class=\"wp-image-983\" srcset=\"https:\/\/volvo4xx.hu\/wp-content\/uploads\/2021\/04\/nyomatekgorbe.jpg 598w, https:\/\/volvo4xx.hu\/wp-content\/uploads\/2021\/04\/nyomatekgorbe-213x300.jpg 213w\" sizes=\"(max-width: 598px) 100vw, 598px\" \/><figcaption class=\"wp-element-caption\">Nyomat\u00e9kg\u00f6rbe<\/figcaption><\/figure>\n\n\n\n<figure class=\"wp-block-image size-large\"><img loading=\"lazy\" decoding=\"async\" width=\"684\" height=\"595\" src=\"http:\/\/volvo4xx.hu\/wp-content\/uploads\/2021\/04\/aut_valto.jpg\" alt=\"\" class=\"wp-image-984\" srcset=\"https:\/\/volvo4xx.hu\/wp-content\/uploads\/2021\/04\/aut_valto.jpg 684w, https:\/\/volvo4xx.hu\/wp-content\/uploads\/2021\/04\/aut_valto-300x261.jpg 300w\" sizes=\"(max-width: 684px) 100vw, 684px\" \/><\/figure>\n<\/figure>\n\n\n\n<hr class=\"wp-block-separator has-alpha-channel-opacity\"\/>\n\n\n\n<figure class=\"wp-block-embed is-type-video is-provider-youtube wp-block-embed-youtube wp-embed-aspect-4-3 wp-has-aspect-ratio\"><div class=\"wp-block-embed__wrapper\">\n<iframe loading=\"lazy\" title=\"Volvo - Service Training - 1991 New Car Features - 240 \/ 740 \/ 940 \/ 960 (1991)\" width=\"640\" height=\"480\" src=\"https:\/\/www.youtube.com\/embed\/3taiKD-RJgM?feature=oembed\" frameborder=\"0\" allow=\"accelerometer; autoplay; clipboard-write; encrypted-media; gyroscope; picture-in-picture; web-share\" referrerpolicy=\"strict-origin-when-cross-origin\" allowfullscreen><\/iframe>\n<\/div><\/figure>\n<\/div><\/div>\n\n\n\n<hr class=\"wp-block-separator has-css-opacity is-style-wide\"\/>\n\n\n<div class=\"wp-block-image\">\n<figure class=\"alignleft size-large\"><img loading=\"lazy\" decoding=\"async\" width=\"167\" height=\"44\" src=\"http:\/\/volvo4xx.hu\/wp-content\/uploads\/2021\/02\/futomu_fek.jpg\" alt=\"\" class=\"wp-image-631\"\/><\/figure><\/div>\n\n\n<p> Az aut\u00f3 fut\u00f3m\u0171ve is teljesen \u00e1ttervezett, a h\u00e1ts\u00f3 f\u00fcggetlen ker\u00e9kfelf\u00fcggeszt\u00e9snek (Multilink) k\u00e9t gener\u00e1ci\u00f3ja van, az els\u0151 m\u00e9g spir\u00e1lrug\u00f3s, a m\u00e1sodikba kompozit laprug\u00f3t \u00e9p\u00edtettek be keresztbe; a kombik &#8222;nivomatos&#8221; leng\u00e9scsillap\u00edt\u00f3val szereltek, tartj\u00e1k a be\u00e1ll\u00edtott hasmagass\u00e1got. A kerekek mindegyike t\u00e1rcsaf\u00e9kkel szerelt (ABS, TRACS), a k\u00e9zif\u00e9k a t\u00e1rcsaf\u00e9kbe szerelt dobf\u00e9kekre hat.  <\/p>\n\n\n\n<figure class=\"wp-block-gallery has-nested-images columns-default is-cropped wp-block-gallery-2 is-layout-flex wp-block-gallery-is-layout-flex\">\n<figure class=\"wp-block-image size-large\"><img loading=\"lazy\" decoding=\"async\" width=\"617\" height=\"353\" data-id=\"993\" src=\"http:\/\/volvo4xx.hu\/wp-content\/uploads\/2021\/04\/hatso_futomu.jpg\" alt=\"\" class=\"wp-image-993\" srcset=\"https:\/\/volvo4xx.hu\/wp-content\/uploads\/2021\/04\/hatso_futomu.jpg 617w, https:\/\/volvo4xx.hu\/wp-content\/uploads\/2021\/04\/hatso_futomu-300x172.jpg 300w\" sizes=\"(max-width: 617px) 100vw, 617px\" \/><figcaption class=\"wp-element-caption\">H\u00e1ts\u00f3 MULTILINK felf\u00fcggeszt\u00e9s<\/figcaption><\/figure>\n\n\n\n<figure class=\"wp-block-image size-large\"><img loading=\"lazy\" decoding=\"async\" width=\"618\" height=\"497\" data-id=\"992\" src=\"http:\/\/volvo4xx.hu\/wp-content\/uploads\/2021\/04\/elso_futomu.jpg\" alt=\"\" class=\"wp-image-992\" srcset=\"https:\/\/volvo4xx.hu\/wp-content\/uploads\/2021\/04\/elso_futomu.jpg 618w, https:\/\/volvo4xx.hu\/wp-content\/uploads\/2021\/04\/elso_futomu-300x241.jpg 300w\" sizes=\"(max-width: 618px) 100vw, 618px\" \/><figcaption class=\"wp-element-caption\">Els\u0151 fut\u00f3m\u0171<\/figcaption><\/figure>\n<\/figure>\n\n\n\n<hr class=\"wp-block-separator has-alpha-channel-opacity is-style-wide\"\/>\n\n\n\n<figure class=\"wp-block-image size-large\"><a href=\"http:\/\/volvo4xx.hu\/wp-content\/uploads\/2021\/04\/motor_futomu_960-scaled.jpg\" target=\"_blank\" rel=\"http:\/\/volvo4xx.hu\/wp-content\/uploads\/2021\/04\/motor_futomu_960-scaled.jpg noopener\"><img loading=\"lazy\" decoding=\"async\" width=\"1024\" height=\"651\" src=\"http:\/\/volvo4xx.hu\/wp-content\/uploads\/2021\/04\/motor_futomu_960-1024x651.jpg\" alt=\"\" class=\"wp-image-1002\" srcset=\"https:\/\/volvo4xx.hu\/wp-content\/uploads\/2021\/04\/motor_futomu_960-1024x651.jpg 1024w, https:\/\/volvo4xx.hu\/wp-content\/uploads\/2021\/04\/motor_futomu_960-300x191.jpg 300w, https:\/\/volvo4xx.hu\/wp-content\/uploads\/2021\/04\/motor_futomu_960-768x488.jpg 768w, https:\/\/volvo4xx.hu\/wp-content\/uploads\/2021\/04\/motor_futomu_960-1536x976.jpg 1536w, https:\/\/volvo4xx.hu\/wp-content\/uploads\/2021\/04\/motor_futomu_960-2048x1302.jpg 2048w\" sizes=\"(max-width: 1024px) 100vw, 1024px\" \/><\/a><figcaption class=\"wp-element-caption\">Nagy\u00edt\u00e1shoz KATT a k\u00e9pre!<\/figcaption><\/figure>\n\n\n\n<figure class=\"wp-block-gallery has-nested-images columns-default is-cropped wp-block-gallery-3 is-layout-flex wp-block-gallery-is-layout-flex\">\n<figure class=\"wp-block-image size-large\"><img loading=\"lazy\" decoding=\"async\" width=\"875\" height=\"682\" data-id=\"1011\" src=\"http:\/\/volvo4xx.hu\/wp-content\/uploads\/2021\/04\/32.jpg\" alt=\"\" class=\"wp-image-1011\" srcset=\"https:\/\/volvo4xx.hu\/wp-content\/uploads\/2021\/04\/32.jpg 875w, https:\/\/volvo4xx.hu\/wp-content\/uploads\/2021\/04\/32-300x234.jpg 300w, https:\/\/volvo4xx.hu\/wp-content\/uploads\/2021\/04\/32-768x599.jpg 768w\" sizes=\"(max-width: 875px) 100vw, 875px\" \/><figcaption class=\"wp-element-caption\">MULTILINK (spir\u00e1lrug\u00f3s v\u00e1ltozat)<\/figcaption><\/figure>\n\n\n\n<figure class=\"wp-block-image size-large\"><img loading=\"lazy\" decoding=\"async\" width=\"826\" height=\"685\" data-id=\"1012\" src=\"http:\/\/volvo4xx.hu\/wp-content\/uploads\/2021\/04\/33.jpg\" alt=\"\" class=\"wp-image-1012\" srcset=\"https:\/\/volvo4xx.hu\/wp-content\/uploads\/2021\/04\/33.jpg 826w, https:\/\/volvo4xx.hu\/wp-content\/uploads\/2021\/04\/33-300x249.jpg 300w, https:\/\/volvo4xx.hu\/wp-content\/uploads\/2021\/04\/33-768x637.jpg 768w\" sizes=\"(max-width: 826px) 100vw, 826px\" \/><figcaption class=\"wp-element-caption\">Els\u0151 (MacPherson) fut\u00f3m\u0171<\/figcaption><\/figure>\n<\/figure>\n\n\n\n<hr class=\"wp-block-separator has-alpha-channel-opacity is-style-wide\"\/>\n\n\n\n<pre class=\"wp-block-code\"><code><img loading=\"lazy\" decoding=\"async\" width=\"338\" height=\"43\" class=\"wp-image-564\" style=\"width:338px;height:43px\" src=\"http:\/\/volvo4xx.hu\/wp-content\/uploads\/2021\/02\/elektr_rendszerek.jpg\" alt=\"\" srcset=\"https:\/\/volvo4xx.hu\/wp-content\/uploads\/2021\/02\/elektr_rendszerek.jpg 338w, https:\/\/volvo4xx.hu\/wp-content\/uploads\/2021\/02\/elektr_rendszerek-300x38.jpg 300w\" sizes=\"(max-width: 338px) 100vw, 338px\" \/><\/code><\/pre>\n\n\n\n<p>A 900-as sorozat elektromos rendszere m\u00e1r j\u00f3val bonyolultabbra siker\u00fclt a hetesek\u00e9hez k\u00e9pest. Az aut\u00f3 f\u00e9krendszere sz\u00e1m\u00edt\u00f3g\u00e9p vez\u00e9relt ABS \u00e9s TRACS rendszereket kapott. A 960-asok 1992-t\u0151l megkapt\u00e1k azokat a passz\u00edv \u00e9s akt\u00edv biztons\u00e1gi fejleszt\u00e9seket, amelyekkel az akkor deb\u00fct\u00e1l\u00f3 850-est felszerelt\u00e9k. A k\u00e9t l\u00e9gzs\u00e1k <a rel=\"noreferrer noopener\" href=\"http:\/\/volvo4xx.hu\/wp-content\/uploads\/2022\/08\/oldallegzsak.png\" target=\"_blank\">oldall\u00e9gzs\u00e1kokkal<\/a>, automata <a href=\"http:\/\/volvo4xx.hu\/wp-content\/uploads\/2022\/08\/legzsakok_ovfeszito.png\" target=\"_blank\" rel=\"noreferrer noopener\">\u00f6vfesz\u00edt\u0151kkel<\/a> is kieg\u00e9sz\u00fclt, a <a rel=\"noreferrer noopener\" href=\"http:\/\/volvo4xx.hu\/wp-content\/uploads\/2022\/08\/SIPS.png\" target=\"_blank\">SIPS rendszer<\/a> r\u00e9sze lett az aut\u00f3nak.<\/p>\n\n\n\n<figure class=\"wp-block-gallery has-nested-images columns-default is-cropped wp-block-gallery-4 is-layout-flex wp-block-gallery-is-layout-flex\">\n<figure class=\"wp-block-image size-large\"><img loading=\"lazy\" decoding=\"async\" width=\"684\" height=\"517\" data-id=\"1441\" src=\"http:\/\/volvo4xx.hu\/wp-content\/uploads\/2022\/08\/motronic_ecu_engine.png\" alt=\"\" class=\"wp-image-1441\" srcset=\"https:\/\/volvo4xx.hu\/wp-content\/uploads\/2022\/08\/motronic_ecu_engine.png 684w, https:\/\/volvo4xx.hu\/wp-content\/uploads\/2022\/08\/motronic_ecu_engine-300x227.png 300w\" sizes=\"(max-width: 684px) 100vw, 684px\" \/><\/figure>\n\n\n\n<figure class=\"wp-block-image size-large\"><img loading=\"lazy\" decoding=\"async\" width=\"720\" height=\"510\" data-id=\"1442\" src=\"http:\/\/volvo4xx.hu\/wp-content\/uploads\/2022\/08\/motronic_ecu.png\" alt=\"\" class=\"wp-image-1442\" srcset=\"https:\/\/volvo4xx.hu\/wp-content\/uploads\/2022\/08\/motronic_ecu.png 720w, https:\/\/volvo4xx.hu\/wp-content\/uploads\/2022\/08\/motronic_ecu-300x213.png 300w\" sizes=\"(max-width: 720px) 100vw, 720px\" \/><\/figure>\n<\/figure>\n\n\n\n<p>A motor \u00e9s az automata v\u00e1lt\u00f3 m\u0171k\u00f6d\u00e9s\u00e9t k\u00e9t Bosch (Motronic \u00e9s ECU) egys\u00e9g hangolja \u00f6ssze \u00e9s vez\u00e9rli. A motorvez\u00e9rl\u0151 sz\u00e1m\u00edt\u00f3g\u00e9p v\u00e9gzi az \u00fczemanyag befecskendez\u00e9s, gy\u00fajt\u00e1s folyamatait, ir\u00e1ny\u00edtja az AC rendszert, a k\u00e9t sebess\u00e9gfokozattal rendelkez\u0151 h\u0171t\u0151ventill\u00e1tor ki-bekapcsol\u00e1s\u00e1t is ez v\u00e9gzi.  Hibak\u00f3d kiolvas\u00f3val is felszerelt\u00e9k a t\u00edpust, el\u0151sz\u00f6r a kivillogtat\u00f3ssal szerelt\u00e9k, k\u00e9s\u0151bb az OBDC csatol\u00f3 ker\u00fclt az utast\u00e9rbe. Ennek az el\u00e9gg\u00e9 \u00f6sszetett, szenzorokkal bonyol\u00edtott rendszernek a bemutat\u00e1s\u00e1r\u00f3l sz\u00f3l a lenti gy\u00e1ri bemutat\u00f3 vide\u00f3. <\/p>\n\n\n\n<figure class=\"wp-block-embed aligncenter is-type-video is-provider-youtube wp-block-embed-youtube wp-embed-aspect-4-3 wp-has-aspect-ratio\"><div class=\"wp-block-embed__wrapper\">\n<iframe loading=\"lazy\" title=\"Volvo - Service Training - B630F Engine and AW30-43 Gearbox (1991)\" width=\"640\" height=\"480\" src=\"https:\/\/www.youtube.com\/embed\/LmOjESZuy-Q?feature=oembed\" frameborder=\"0\" allow=\"accelerometer; autoplay; clipboard-write; encrypted-media; gyroscope; picture-in-picture; web-share\" referrerpolicy=\"strict-origin-when-cross-origin\" allowfullscreen><\/iframe>\n<\/div><\/figure>\n\n\n\n<hr class=\"wp-block-separator has-alpha-channel-opacity is-style-wide\"\/>\n\n\n<div class=\"wp-block-image\">\n<figure class=\"alignleft size-large is-resized\"><img loading=\"lazy\" decoding=\"async\" width=\"121\" height=\"45\" src=\"http:\/\/volvo4xx.hu\/wp-content\/uploads\/2021\/02\/utaster.jpg\" alt=\"\" class=\"wp-image-637\" style=\"width:121px;height:45px\"\/><\/figure><\/div>\n\n\n<p>Az 1990-1995 k\u00f6z\u00f6tti id\u0151szakban k\u00e9tf\u00e9le utast\u00e9r\/belt\u00e9r \u00e9s m\u0171szerfal egys\u00e9ggel szerelt\u00e9k a 960-asokat. Volt egysz\u00edn\u0171, k\u00e9tt\u00f3nus\u00fa m\u0171szerfal, b\u0151r, pl\u00fcss \u00e9s sz\u00f6vetbor\u00edt\u00e1s\u00fa \u00fcl\u00e9sek. A h\u00e1ts\u00f3 \u00fcl\u00e9ssor is rendelkezik h\u00e1rom darab, h\u00e1rompontos biztons\u00e1gi \u00f6vvel, lehajthat\u00f3, gyerek\u00fcl\u00e9ss\u00e9 is alak\u00edthat\u00f3 k\u00f6ny\u00f6kt\u00e1masszal.  Az 1994-ben megjelen\u0151 1995-\u00f6s modellben egy teljesen \u00fajratervezett, harmonikus belt\u00e9rrel jelenik meg a 960-as. A majdnem meredek, eleg\u00e1ns m\u0171szerfal Volvo v\u00e9djegy lett, a 850-esre tervezt\u00e9k, ezt a r\u00e1ncfelvarrott 960-as is megkapta. A korm\u00e1ny eleg\u00e1ns b\u0151rbor\u00edt\u00e1s\u00fa, vagy b\u0151r\/fa kombin\u00e1ci\u00f3. A r\u00e1di\u00f3\/hifi\/CD lej\u00e1tsz\u00f3-t\u00e1r fejegys\u00e9gb\u0151l <a href=\"http:\/\/volvo4xx.hu\/wp-content\/uploads\/2022\/08\/fejegysegek.png\" target=\"_blank\" rel=\"noreferrer noopener\">t\u00f6bb gy\u00e1ri v\u00e1ltozat<\/a> k\u00e9sz\u00fclt, az egy\u00e9b gy\u00e1ri kieg\u00e9sz\u00edt\u0151k hossz\u00fa list\u00e1j\u00e1b\u00f3l lehetett ezeket rendelni. Alapb\u00f3l <a href=\"http:\/\/volvo4xx.hu\/wp-content\/uploads\/2022\/08\/Hagszorok.png\" target=\"_blank\" rel=\"noreferrer noopener\">nyolc be\u00e9p\u00edtett hangsz\u00f3r\u00f3t<\/a> tartalmaz a rendszer. Az audio r\u00e9sz t\u00f6bb l\u00e9pcs\u0151ben rendelhet\u0151, fejleszthet\u0151 volt: er\u0151s\u00edt\u0151, m\u00e9lynyom\u00f3s  nagyobb hangsz\u00f3r\u00f3k, csomagt\u00e9rbe \u00e9p\u00edtett CD t\u00e1r.       <\/p>\n\n\n\n<figure class=\"wp-block-gallery has-nested-images columns-default is-cropped wp-block-gallery-5 is-layout-flex wp-block-gallery-is-layout-flex\">\n<figure class=\"wp-block-image size-large\"><img loading=\"lazy\" decoding=\"async\" width=\"529\" height=\"398\" data-id=\"1008\" src=\"http:\/\/volvo4xx.hu\/wp-content\/uploads\/2021\/04\/dashboard.jpg\" alt=\"\" class=\"wp-image-1008\" srcset=\"https:\/\/volvo4xx.hu\/wp-content\/uploads\/2021\/04\/dashboard.jpg 529w, https:\/\/volvo4xx.hu\/wp-content\/uploads\/2021\/04\/dashboard-300x226.jpg 300w\" sizes=\"(max-width: 529px) 100vw, 529px\" \/><\/figure>\n\n\n\n<figure class=\"wp-block-image size-large\"><img loading=\"lazy\" decoding=\"async\" width=\"1024\" height=\"768\" data-id=\"1009\" src=\"http:\/\/volvo4xx.hu\/wp-content\/uploads\/2021\/04\/dashboard3-1024x768.jpg\" alt=\"\" class=\"wp-image-1009\" srcset=\"https:\/\/volvo4xx.hu\/wp-content\/uploads\/2021\/04\/dashboard3-1024x768.jpg 1024w, https:\/\/volvo4xx.hu\/wp-content\/uploads\/2021\/04\/dashboard3-300x225.jpg 300w, https:\/\/volvo4xx.hu\/wp-content\/uploads\/2021\/04\/dashboard3-768x576.jpg 768w, https:\/\/volvo4xx.hu\/wp-content\/uploads\/2021\/04\/dashboard3.jpg 1440w\" sizes=\"(max-width: 1024px) 100vw, 1024px\" \/><\/figure>\n\n\n\n<figure class=\"wp-block-image size-large\"><img loading=\"lazy\" decoding=\"async\" width=\"464\" height=\"345\" data-id=\"1010\" src=\"http:\/\/volvo4xx.hu\/wp-content\/uploads\/2021\/04\/9.jpg\" alt=\"\" class=\"wp-image-1010\" srcset=\"https:\/\/volvo4xx.hu\/wp-content\/uploads\/2021\/04\/9.jpg 464w, https:\/\/volvo4xx.hu\/wp-content\/uploads\/2021\/04\/9-300x223.jpg 300w\" sizes=\"(max-width: 464px) 100vw, 464px\" \/><\/figure>\n<\/figure>\n\n\n\n<figure class=\"wp-block-gallery has-nested-images columns-default is-cropped wp-block-gallery-6 is-layout-flex wp-block-gallery-is-layout-flex\">\n<figure class=\"wp-block-image size-large\"><img loading=\"lazy\" decoding=\"async\" width=\"793\" height=\"834\" data-id=\"1226\" src=\"http:\/\/volvo4xx.hu\/wp-content\/uploads\/2022\/01\/ulesek1_960.gif\" alt=\"\" class=\"wp-image-1226\"\/><\/figure>\n\n\n\n<figure class=\"wp-block-image size-large\"><img loading=\"lazy\" decoding=\"async\" width=\"790\" height=\"844\" data-id=\"1227\" src=\"http:\/\/volvo4xx.hu\/wp-content\/uploads\/2022\/01\/ulesek2_960.gif\" alt=\"\" class=\"wp-image-1227\"\/><\/figure>\n<\/figure>\n\n\n\n<hr class=\"wp-block-separator has-alpha-channel-opacity is-style-wide\"\/>\n\n\n<div class=\"wp-block-image\">\n<figure class=\"alignleft size-full\"><img loading=\"lazy\" decoding=\"async\" width=\"116\" height=\"50\" src=\"http:\/\/volvo4xx.hu\/wp-content\/uploads\/2022\/08\/felnik-1.png\" alt=\"\" class=\"wp-image-1473\"\/><\/figure><\/div>\n\n\n<p>A kilencesek gy\u00e1ri <a rel=\"noreferrer noopener\" href=\"http:\/\/volvo4xx.hu\/wp-content\/uploads\/2022\/08\/felnik-scaled.jpg\" target=\"_blank\">k\u00f6nny\u0171f\u00e9m felnijeinek sorozata<\/a> egy gondos m\u00e9rn\u00f6ki tervez\u00e9s eredm\u00e9nye, kiforrott \u00e9s ugyanakkor kortalan eleganci\u00e1t biztos\u00edtanak a VOLVO akkori z\u00e1szl\u00f3shaj\u00f3j\u00e1nak. Az <a rel=\"noreferrer noopener\" href=\"http:\/\/volvo4xx.hu\/wp-content\/uploads\/2021\/02\/33.jpg\" target=\"_blank\">1994-es v\u00e1lt\u00e1sig<\/a> a <a href=\"http:\/\/volvo4xx.hu\/wp-content\/uploads\/2022\/08\/felni_1994elotti.png\" target=\"_blank\" rel=\"noreferrer noopener\">15-\u00f6s m\u00e9ret<\/a> ut\u00e1n j\u00f6ttek az akkor m\u00e9g mer\u00e9szen nagynak tartott 16-os \u00e9s 17-es felnim\u00e9retek (Mercurius, Saturnus, Titan, Uranus, Aquila).<\/p>\n\n\n\n<figure class=\"wp-block-image size-full\"><a href=\"http:\/\/volvo4xx.hu\/wp-content\/uploads\/2022\/08\/lynx_titan_keretes.png\"><img loading=\"lazy\" decoding=\"async\" width=\"949\" height=\"490\" src=\"http:\/\/volvo4xx.hu\/wp-content\/uploads\/2022\/08\/lynx_titan_keretes.png\" alt=\"\" class=\"wp-image-1465\" srcset=\"https:\/\/volvo4xx.hu\/wp-content\/uploads\/2022\/08\/lynx_titan_keretes.png 949w, https:\/\/volvo4xx.hu\/wp-content\/uploads\/2022\/08\/lynx_titan_keretes-300x155.png 300w, https:\/\/volvo4xx.hu\/wp-content\/uploads\/2022\/08\/lynx_titan_keretes-768x397.png 768w\" sizes=\"(max-width: 949px) 100vw, 949px\" \/><\/a><figcaption class=\"wp-element-caption\">A LYNX (15-\u00f6s) \u00e9s a TITAN (17-es) gy\u00e1ri k\u00f6nny\u0171f\u00e9m felnik a 960-asokon<\/figcaption><\/figure>\n\n\n\n<figure class=\"wp-block-gallery has-nested-images columns-default is-cropped wp-block-gallery-7 is-layout-flex wp-block-gallery-is-layout-flex\">\n<figure class=\"wp-block-image size-large\"><a href=\"http:\/\/volvo4xx.hu\/wp-content\/uploads\/2022\/09\/Felnik_9xx_1.png\"><img loading=\"lazy\" decoding=\"async\" width=\"814\" height=\"753\" data-id=\"1543\" src=\"http:\/\/volvo4xx.hu\/wp-content\/uploads\/2022\/09\/Felnik_9xx_1.png\" alt=\"\" class=\"wp-image-1543\" srcset=\"https:\/\/volvo4xx.hu\/wp-content\/uploads\/2022\/09\/Felnik_9xx_1.png 814w, https:\/\/volvo4xx.hu\/wp-content\/uploads\/2022\/09\/Felnik_9xx_1-300x278.png 300w, https:\/\/volvo4xx.hu\/wp-content\/uploads\/2022\/09\/Felnik_9xx_1-768x710.png 768w\" sizes=\"(max-width: 814px) 100vw, 814px\" \/><\/a><\/figure>\n\n\n\n<figure class=\"wp-block-image size-large\"><a href=\"http:\/\/volvo4xx.hu\/wp-content\/uploads\/2022\/09\/Felnik_9xx_2.png\"><img loading=\"lazy\" decoding=\"async\" width=\"588\" height=\"735\" data-id=\"1544\" src=\"http:\/\/volvo4xx.hu\/wp-content\/uploads\/2022\/09\/Felnik_9xx_2.png\" alt=\"\" class=\"wp-image-1544\" srcset=\"https:\/\/volvo4xx.hu\/wp-content\/uploads\/2022\/09\/Felnik_9xx_2.png 588w, https:\/\/volvo4xx.hu\/wp-content\/uploads\/2022\/09\/Felnik_9xx_2-240x300.png 240w\" sizes=\"(max-width: 588px) 100vw, 588px\" \/><\/a><\/figure>\n<\/figure>\n\n\n\n<hr class=\"wp-block-separator has-css-opacity is-style-wide\"\/>\n\n\n<div class=\"wp-block-image\">\n<figure class=\"alignleft size-full\"><img loading=\"lazy\" decoding=\"async\" width=\"183\" height=\"54\" src=\"http:\/\/volvo4xx.hu\/wp-content\/uploads\/2022\/08\/BIZTONSAG.png\" alt=\"\" class=\"wp-image-1472\"\/><\/figure><\/div>\n\n\n<p>Az 1990-es \u00e9vek VOLVO szem\u00e9lyg\u00e9pkocsi gy\u00e1rt\u00e1s\u00e1nak akkori, k\u00f6zleked\u00e9sbiztons\u00e1got n\u00f6vel\u0151 passz\u00edv \u00e9s akt\u00edv rendszerek mindegyike be\u00e9p\u00edt\u00e9sre ker\u00fclt a kilencesekbe. Az aut\u00f3 karossz\u00e9ri\u00e1j\u00e1ba a kritikus terhel\u00e9seknek kitett r\u00e9szekben nagy szil\u00e1rds\u00e1g\u00fa, speci\u00e1lis ac\u00e9lidomok ker\u00fcltek behelyez\u00e9sre, a k\u00f6rk\u00f6r\u00f6s utasv\u00e9delem, a SIPS rendszer, az <a rel=\"noreferrer noopener\" href=\"http:\/\/volvo4xx.hu\/wp-content\/uploads\/2022\/08\/kormanyallitas_oszlop.png\" target=\"_blank\">\u00e1ll\u00edthat\u00f3<\/a> korm\u00e1ny, a front\u00e1lis \u00fctk\u00f6z\u00e9skor \u00f6sszecsukl\u00f3 biztons\u00e1gi korm\u00e1nyoszlop, a <a href=\"http:\/\/volvo4xx.hu\/wp-content\/uploads\/2022\/08\/legzsakok_ovfeszito.png\" target=\"_blank\" rel=\"noreferrer noopener\">k\u00e9t els\u0151<\/a> \u00e9s a k\u00e9t <a href=\"http:\/\/volvo4xx.hu\/wp-content\/uploads\/2022\/08\/oldallegzsak.png\" target=\"_blank\" rel=\"noreferrer noopener\">oldals\u00f3<\/a> l\u00e9gzs\u00e1k, az <a href=\"http:\/\/volvo4xx.hu\/wp-content\/uploads\/2022\/08\/legzsakok_ovfeszito.png\" target=\"_blank\" rel=\"noreferrer noopener\">\u00f6vfesz\u00edt\u0151k<\/a>, a h\u00e1rompontos <a href=\"http:\/\/volvo4xx.hu\/wp-content\/uploads\/2022\/08\/bizt_ovek.png\" target=\"_blank\" rel=\"noreferrer noopener\">biztons\u00e1gi \u00f6vek<\/a>, a <a rel=\"noreferrer noopener\" href=\"http:\/\/volvo4xx.hu\/wp-content\/uploads\/2022\/08\/gyerekulesek.png\" target=\"_blank\">biztons\u00e1gi gyerek\u00fcl\u00e9s<\/a>, a programozottan roncsol\u00f3d\u00f3 els\u0151 \u00e9s h\u00e1ts\u00f3 traktus \u00e9s az ajt\u00f3kba \u00e9p\u00edtett <a rel=\"noreferrer noopener\" href=\"http:\/\/volvo4xx.hu\/wp-content\/uploads\/2022\/08\/utascella.png\" target=\"_blank\">ac\u00e9lcs\u00f6vek v\u00e9dik az utascell\u00e1t<\/a>. Az <a rel=\"noreferrer noopener\" href=\"http:\/\/volvo4xx.hu\/wp-content\/uploads\/2022\/08\/abs.png\" target=\"_blank\">ABS<\/a>-t, TRACS-ot tartalmaz\u00f3 f\u00e9krendszer, a nagy menetbiztons\u00e1got ad\u00f3 els\u0151 \u00e9s h\u00e1ts\u00f3 f\u00fcggetlen ker\u00e9kfelf\u00fcggeszt\u00e9s, az 10 m\u00e9ter alatti fordul\u00f3k\u00f6r, a f\u00e9nysz\u00f3r\u00f3 mos\u00f3 \u00e9s <a rel=\"noreferrer noopener\" href=\"http:\/\/volvo4xx.hu\/wp-content\/uploads\/2022\/08\/fenyszorotorlok.png\" target=\"_blank\">t\u00f6rl\u0151lap\u00e1tok<\/a>, az &#8222;<a rel=\"noreferrer noopener\" href=\"http:\/\/volvo4xx.hu\/wp-content\/uploads\/2022\/08\/ostorcsapas.png\" target=\"_blank\">ostorcsap\u00e1s<\/a>&#8221; jelens\u00e9g ellen v\u00e9d\u0151 speci\u00e1lis <a rel=\"noreferrer noopener\" href=\"http:\/\/volvo4xx.hu\/wp-content\/uploads\/2022\/08\/fejtamlak.png\" target=\"_blank\">fejt\u00e1ml\u00e1k<\/a>, a <a rel=\"noreferrer noopener\" href=\"http:\/\/volvo4xx.hu\/wp-content\/uploads\/2022\/08\/tempomat.png\" target=\"_blank\">tempomat<\/a> mind a stresszmentes, biztons\u00e1gos vezet\u00e9st \u00e9s utaz\u00e1st szolg\u00e1lja.  <\/p>\n\n\n<div class=\"wp-block-image\">\n<figure class=\"aligncenter size-full is-resized\"><img loading=\"lazy\" decoding=\"async\" width=\"670\" height=\"247\" src=\"http:\/\/volvo4xx.hu\/wp-content\/uploads\/2022\/08\/toresteszt.png\" alt=\"\" class=\"wp-image-1468\" style=\"width:832px;height:307px\" srcset=\"https:\/\/volvo4xx.hu\/wp-content\/uploads\/2022\/08\/toresteszt.png 670w, https:\/\/volvo4xx.hu\/wp-content\/uploads\/2022\/08\/toresteszt-300x111.png 300w\" sizes=\"(max-width: 670px) 100vw, 670px\" \/><\/figure><\/div>\n\n<div class=\"wp-block-image\">\n<figure class=\"aligncenter size-full is-resized\"><img loading=\"lazy\" decoding=\"async\" width=\"772\" height=\"340\" src=\"http:\/\/volvo4xx.hu\/wp-content\/uploads\/2022\/01\/960_biztonsag.png\" alt=\"\" class=\"wp-image-1243\" style=\"width:848px;height:373px\" srcset=\"https:\/\/volvo4xx.hu\/wp-content\/uploads\/2022\/01\/960_biztonsag.png 772w, https:\/\/volvo4xx.hu\/wp-content\/uploads\/2022\/01\/960_biztonsag-300x132.png 300w, https:\/\/volvo4xx.hu\/wp-content\/uploads\/2022\/01\/960_biztonsag-768x338.png 768w\" sizes=\"(max-width: 772px) 100vw, 772px\" \/><\/figure><\/div>\n\n\n<hr class=\"wp-block-separator has-alpha-channel-opacity\"\/>\n\n\n\n<h1 class=\"wp-block-heading\">960 <a href=\"http:\/\/volvo4xx.hu\/?page_id=1637\" target=\"_blank\" rel=\"noreferrer noopener\">&#8222;Csin\u00e1ld magad!&#8221;<\/a> DIY<\/h1>\n\n\n\n<hr class=\"wp-block-separator has-css-opacity is-style-wide\"\/>\n\n\n\n<ul>\n<li>Car History &#8211; <a rel=\"noreferrer noopener\" href=\"https:\/\/youtu.be\/3O2NEtRmhf4\" target=\"_blank\">Volvo 900 Series<\/a> (900-asok r\u00f6vid bemutat\u00e1sa, 2021) <\/li>\n\n\n\n<li>A <a href=\"https:\/\/youtu.be\/zMaZQ3ZqcD8\">960-as premierje<\/a> a sv\u00e9d BilTv-ben (Traficmagasinet,1990) <\/li>\n\n\n\n<li>Az 1994-es \u00e9v <a href=\"https:\/\/youtu.be\/jF0IRk9fkDY\">Volvo modelljeinek prom\u00f3ci\u00f3s filmje<\/a> (1994)<\/li>\n\n\n\n<li>Gy\u00e1ri <a rel=\"noreferrer noopener\" href=\"https:\/\/youtu.be\/QGpVGenTR08\" data-type=\"URL\" data-id=\"https:\/\/youtu.be\/QGpVGenTR08\" target=\"_blank\">VHS film a 940-esr\u0151l<\/a> (1996)<\/li>\n\n\n\n<li>Amerikai bemutat\u00f3: <a rel=\"noreferrer noopener\" href=\"https:\/\/youtu.be\/P9e3gz5XEgw\" target=\"_blank\">1991-es 940 2.3 T<\/a> (Motorweek Retro)<\/li>\n\n\n\n<li>Az \u00faj, r\u00e1ncfelvarrott (facelift)<a href=\"https:\/\/youtu.be\/HIkJWnkIsbw\"> 960-as bevezet\u00e9sekor k\u00e9sz\u00fclt gy\u00e1ri bemutat\u00f3film<\/a> (1995)<\/li>\n\n\n\n<li>Volvo <a rel=\"noreferrer noopener\" href=\"https:\/\/youtu.be\/JdvRlIWRTKE\" target=\"_blank\">960 kombi sv\u00e9dorsz\u00e1gi minitesztje<\/a>, 22. perct\u0151l! (Trafikmagasinet, 1994) <\/li>\n\n\n\n<li>Egy 863 ezer kilom\u00e9tert futott <a href=\"https:\/\/youtu.be\/GFVtGd-SVp4\">1997-es 960 kombi n\u00e9metorsz\u00e1gi tesztje<\/a> (2020)<\/li>\n\n\n\n<li>A <a href=\"https:\/\/youtu.be\/lVMkYO-czM4\">Volvo 940\/960-as prom\u00f3ci\u00f3s (VHS) bemutat\u00f3ja<\/a> az USA-ban (2019)<\/li>\n\n\n\n<li>VOLVO <a href=\"https:\/\/youtu.be\/iIwQ8W_1IbY\" target=\"_blank\" rel=\"noreferrer noopener\">S90 Executive&amp;Royal<\/a> promotional video<\/li>\n\n\n\n<li>Az amerikai <a href=\"https:\/\/youtu.be\/alS4J1LtZQM\">MotorWeek tesztelte a 960-ast<\/a> (1995)<\/li>\n\n\n\n<li>A Vauxhall Elite (<a href=\"https:\/\/youtu.be\/9Dt6YR2QH_k\">Opel Omega) \u00e9s a Volvo 960-as \u00f6sszehasonl\u00edt\u00f3 tesztje<\/a> Angli\u00e1b\u00f3l (1997)<\/li>\n\n\n\n<li>Egy 939 ezer kilom\u00e9tert futott holland rendsz\u00e1m\u00fa <a href=\"https:\/\/youtu.be\/rRCgdkgd_hk\">1991-es 960-as tesztje<\/a> (AutoWeek, 2019)<\/li>\n\n\n\n<li>A VOLVO a sv\u00e9d Kalmar telep\u00fcl\u00e9sen fel\u00e9p\u00edtett <a rel=\"noreferrer noopener\" href=\"https:\/\/youtu.be\/oeTCyIY-m8c\" target=\"_blank\">\u00f6sszeszerel\u0151 \u00fczem\u00e9nek bemutat\u00e1sa<\/a> (1994) <\/li>\n\n\n\n<li>A Kalmar telep\u00fcl\u00e9sen m\u0171k\u00f6d\u0151 <a rel=\"noreferrer noopener\" href=\"https:\/\/youtu.be\/Mt-GASn-6ZU\" target=\"_blank\">VOLVO \u00fczem<\/a> bez\u00e1r\u00e1s\u00e1r\u00f3l sz\u00f3l\u00f3 dokumentumfilm (1994) <\/li>\n\n\n\n<li>Egy angol fiatal nepper bemutatja a <a href=\"https:\/\/youtu.be\/5PhjFvKJNi4\">180 ezer m\u00e9rf\u00f6ldet futott 960 kombij\u00e1t<\/a> (2021)<\/li>\n\n\n\n<li>A 960-as <a href=\"https:\/\/youtu.be\/LmOjESZuy-Q\">B6304F motor- AW30-43 automata v\u00e1lt\u00f3 egys\u00e9gek bemutat\u00e1sa<\/a> (Volvo Service Training,1991)<\/li>\n\n\n\n<li>Vide\u00f3s <a rel=\"noreferrer noopener\" href=\"https:\/\/youtu.be\/5jOSU6lLJlc\" target=\"_blank\">szerel\u00e9si seg\u00e9dlet<\/a> egy 1995-\u00f6s 960-ashoz (PCV Refresh, 2022)<\/li>\n\n\n\n<li>\u00cdgy t\u00f6rik a kilences (<a rel=\"noreferrer noopener\" href=\"https:\/\/youtu.be\/X66pMzEQM0I\" target=\"_blank\">gy\u00e1ri t\u00f6r\u00e9stesztek<\/a>) <\/li>\n\n\n\n<li>VOLVO Cars US: <a href=\"https:\/\/volvo.custhelp.com\/app\/manuals\/ownersmanualinfo\/year\/1995\/model\/960\" target=\"_blank\" rel=\"noreferrer noopener\">Owners manual 1995, 960<\/a><\/li>\n\n\n\n<li><a href=\"https:\/\/youtu.be\/snpQA0L1tUA?si=86dJB8O0BjnM2uti\" data-type=\"link\" data-id=\"https:\/\/youtu.be\/snpQA0L1tUA?si=86dJB8O0BjnM2uti\">A kocka VOLVOK cs\u00facsa: S90<\/a> (2025)<\/li>\n<\/ul>\n\n\n\n<hr class=\"wp-block-separator has-css-opacity is-style-wide\"\/>\n\n\n\n<p class=\"has-text-align-center\"><em>A honlapon szerepl\u0151 anyagok, k\u00e9pek a \u201cVolvo Car Corporation\u201d, a Veikl.com \u00e9s a magyarorsz\u00e1gi Volvo tulajdonosok szellemi tulajdon\u00e1t k\u00e9pezik!<\/em><\/p>\n\n\n\n<p><\/p>\n","protected":false},"excerpt":{"rendered":"<p>Honnan indult a 960-as? A gy\u00f6kerek az 1980-as \u00e9vek legelej\u00e9ig ny\u00falnak vissza, ekkor kezd\u0151d\u00f6tt G\u00f6teborgban egy teljesen \u00faj protot\u00edpus fejleszt\u00e9se (projekt felel\u0151s Hans Gustavsson). A 11.55 projekt&nbsp;keret\u00e9ben \u2013 a kettes sorozat ut\u00f3djak\u00e9nt \u2013 a hetes sorozat els\u0151 darabja, a 760-as az egyik legsikeresebb nagyaut\u00f3ja lett a gy\u00e1rnak. A hathengeres 760-as ut\u00e1n k\u00f6vetkezett a n\u00e9gyhengeres 740-es, [&hellip;]<\/p>\n","protected":false},"author":1,"featured_media":0,"parent":0,"menu_order":0,"comment_status":"closed","ping_status":"closed","template":"","meta":{"_exactmetrics_skip_tracking":false,"_exactmetrics_sitenote_active":false,"_exactmetrics_sitenote_note":"","_exactmetrics_sitenote_category":0,"footnotes":""},"_links":{"self":[{"href":"https:\/\/volvo4xx.hu\/index.php?rest_route=\/wp\/v2\/pages\/966"}],"collection":[{"href":"https:\/\/volvo4xx.hu\/index.php?rest_route=\/wp\/v2\/pages"}],"about":[{"href":"https:\/\/volvo4xx.hu\/index.php?rest_route=\/wp\/v2\/types\/page"}],"author":[{"embeddable":true,"href":"https:\/\/volvo4xx.hu\/index.php?rest_route=\/wp\/v2\/users\/1"}],"replies":[{"embeddable":true,"href":"https:\/\/volvo4xx.hu\/index.php?rest_route=%2Fwp%2Fv2%2Fcomments&post=966"}],"version-history":[{"count":87,"href":"https:\/\/volvo4xx.hu\/index.php?rest_route=\/wp\/v2\/pages\/966\/revisions"}],"predecessor-version":[{"id":2460,"href":"https:\/\/volvo4xx.hu\/index.php?rest_route=\/wp\/v2\/pages\/966\/revisions\/2460"}],"wp:attachment":[{"href":"https:\/\/volvo4xx.hu\/index.php?rest_route=%2Fwp%2Fv2%2Fmedia&parent=966"}],"curies":[{"name":"wp","href":"https:\/\/api.w.org\/{rel}","templated":true}]}}