{"id":54,"date":"2021-01-21T13:00:21","date_gmt":"2021-01-21T13:00:21","guid":{"rendered":"http:\/\/volvo4xx.hu\/?page_id=54"},"modified":"2025-01-07T10:52:13","modified_gmt":"2025-01-07T10:52:13","slug":"felnik","status":"publish","type":"page","link":"https:\/\/volvo4xx.hu\/?page_id=54","title":{"rendered":"Felnik"},"content":{"rendered":"<div class=\"wp-block-image\">\n<figure class=\"alignleft size-large\"><img loading=\"lazy\" decoding=\"async\" width=\"161\" height=\"48\" src=\"http:\/\/volvo4xx.hu\/wp-content\/uploads\/2021\/02\/NEGYESEK.jpg\" alt=\"\" class=\"wp-image-609\"\/><\/figure><\/div>\n\n\n<p>gy\u00e1ri lemez- \u00e9s k\u00f6nny\u0171f\u00e9m felnijei, d\u00edszt\u00e1rcs\u00e1i 14-15-\u00f6s m\u00e9ret\u0171ek, a p\u00f3tker\u00e9k lehet teljes \u00e9rt\u00e9k\u0171 vagy mank\u00f3ker\u00e9k. Egy aut\u00f3 megjelen\u00e9s\u00e9t, ki\u00e1ll\u00e1s\u00e1t nagyban befoly\u00e1solja kerekeinek kin\u00e9zete, azok \u00e1llapota. M\u00e9g a sima lemezfelnikre tervezett gy\u00e1ri d\u00edszt\u00e1rcs\u00e1k is messze jobb \u00f6sszhat\u00e1st adnak az aut\u00f3nak, mint az egy\u00e9b, nem gy\u00e1ri, a hipermarketek \u00e9s egy\u00e9b aut\u00f3sboltok &#8222;ig\u00e9nyes&#8221; darabjai. <\/p>\n\n\n<div class=\"wp-block-image\">\n<figure class=\"aligncenter size-large\"><img loading=\"lazy\" decoding=\"async\" width=\"768\" height=\"576\" src=\"http:\/\/volvo4xx.hu\/wp-content\/uploads\/2021\/01\/felnik_rs-768x576-1.jpg\" alt=\"\" class=\"wp-image-345\" srcset=\"https:\/\/volvo4xx.hu\/wp-content\/uploads\/2021\/01\/felnik_rs-768x576-1.jpg 768w, https:\/\/volvo4xx.hu\/wp-content\/uploads\/2021\/01\/felnik_rs-768x576-1-300x225.jpg 300w\" sizes=\"(max-width: 768px) 100vw, 768px\" \/><\/figure><\/div>\n\n\n<p class=\"has-text-align-left\">Sokan a gy\u00e1ri felniket lecser\u00e9lve, nagyobb m\u00e9ret\u0171eket helyeznek fel, alacsony oldalmagass\u00e1g\u00fa gumikkal, pog\u00e1cs\u00e1kkal m\u00f3dos\u00edtj\u00e1k a gy\u00e1ri param\u00e9tereket. Ha nem versenysportr\u00f3l van sz\u00f3 (pl. RONAL felnik), ez h\u00e1tr\u00e1nyos \u00e9s vesz\u00e9lyes is egyben. Ilyenkor n\u0151 a fut\u00f3m\u0171 rug\u00f3zatlan t\u00f6mege, ami azt\u00e1n er\u0151sen lerontja az aut\u00f3 menettulajdons\u00e1gait, n\u00f6veli az \u00fczemanyag fogyaszt\u00e1st \u00e9s ugyanakkor balesetvesz\u00e9lyes is, mert a m\u00e9retn\u00f6veked\u00e9s miatt bele\u00e9rhet a ker\u00e9k a ker\u00e9kdobba, s\u00e1rv\u00e9d\u0151be. Ez\u00e9rt aj\u00e1nlott a t\u00f6bbsz\u00e1z m\u00e9rn\u00f6ki munka\u00f3r\u00e1s tervez\u00e9s \u00e9s pr\u00f3b\u00e1k ut\u00e1n kialak\u00edtott <a href=\"http:\/\/volvo4xx.hu\/wp-content\/uploads\/2021\/02\/33.jpg\" target=\"_blank\" rel=\"noreferrer noopener\">gy\u00e1ri felnikn\u00e9l<\/a> maradni.<\/p>\n\n\n\n<figure class=\"wp-block-image size-large\"><img loading=\"lazy\" decoding=\"async\" width=\"768\" height=\"291\" src=\"http:\/\/volvo4xx.hu\/wp-content\/uploads\/2021\/01\/440_disztarcsa-768x291-1.png\" alt=\"\" class=\"wp-image-182\" srcset=\"https:\/\/volvo4xx.hu\/wp-content\/uploads\/2021\/01\/440_disztarcsa-768x291-1.png 768w, https:\/\/volvo4xx.hu\/wp-content\/uploads\/2021\/01\/440_disztarcsa-768x291-1-300x114.png 300w\" sizes=\"(max-width: 768px) 100vw, 768px\" \/><\/figure>\n\n\n\n<hr class=\"wp-block-separator has-css-opacity is-style-wide\"\/>\n\n\n\n<figure class=\"wp-block-gallery aligncenter has-nested-images columns-default is-cropped wp-block-gallery-1 is-layout-flex wp-block-gallery-is-layout-flex\">\n<figure class=\"wp-block-image size-large\"><img loading=\"lazy\" decoding=\"async\" width=\"300\" height=\"225\" data-id=\"210\" src=\"http:\/\/volvo4xx.hu\/wp-content\/uploads\/2021\/01\/felni1-300x225-1.png\" alt=\"\" class=\"wp-image-210\"\/><figcaption class=\"wp-element-caption\">POLUX (14&#8243;) felniken&#8230;<\/figcaption><\/figure>\n\n\n\n<figure class=\"wp-block-image size-large\"><img loading=\"lazy\" decoding=\"async\" width=\"768\" height=\"576\" data-id=\"832\" src=\"http:\/\/volvo4xx.hu\/wp-content\/uploads\/2021\/02\/felni2-768x576-1.png\" alt=\"\" class=\"wp-image-832\" srcset=\"https:\/\/volvo4xx.hu\/wp-content\/uploads\/2021\/02\/felni2-768x576-1.png 768w, https:\/\/volvo4xx.hu\/wp-content\/uploads\/2021\/02\/felni2-768x576-1-300x225.png 300w\" sizes=\"(max-width: 768px) 100vw, 768px\" \/><figcaption class=\"wp-element-caption\">CETUS (15&#8243;) felniken&#8230;<\/figcaption><\/figure>\n<\/figure>\n\n\n\n<hr class=\"wp-block-separator has-css-opacity is-style-wide\"\/>\n\n\n\n<figure class=\"wp-block-table is-style-stripes\"><table><tbody><tr><td class=\"has-text-align-center\" data-align=\"center\"><\/td><td class=\"has-text-align-center\" data-align=\"center\"><strong>N\u00c9V<\/strong><\/td><td><strong>ET<\/strong><\/td><td class=\"has-text-align-center\" data-align=\"center\"><strong>M\u00c9RET<\/strong><\/td><td class=\"has-text-align-center\" data-align=\"center\"><strong>GUMIM\u00c9RET<\/strong><\/td><td class=\"has-text-align-center\" data-align=\"center\"><strong>VOLVO Cikksz.<\/strong><\/td><\/tr><tr><td class=\"has-text-align-center\" data-align=\"center\"><img decoding=\"async\" src=\"http:\/\/volvo4xx.hu\/wp-content\/uploads\/2021\/01\/altair-100x100-1.jpg\" alt=\"A k\u00e9phez tartoz\u00f3 alt jellemz\u0151 \u00fcres; altair-100x100-1.jpg a f\u00e1jln\u00e9v\"><\/td><td class=\"has-text-align-center\" data-align=\"center\">ALTAIR<\/td><td><\/td><td class=\"has-text-align-center\" data-align=\"center\"><\/td><td class=\"has-text-align-center\" data-align=\"center\"><\/td><td class=\"has-text-align-center\" data-align=\"center\">&#8211;<\/td><\/tr><tr><td class=\"has-text-align-center\" data-align=\"center\"><img decoding=\"async\" src=\"http:\/\/volvo4xx.hu\/wp-content\/uploads\/2021\/01\/antares-100x100-1.jpg\" alt=\"A k\u00e9phez tartoz\u00f3 alt jellemz\u0151 \u00fcres; antares-100x100-1.jpg a f\u00e1jln\u00e9v\"><\/td><td class=\"has-text-align-center\" data-align=\"center\">ANTARES<\/td><td>ET37<\/td><td class=\"has-text-align-center\" data-align=\"center\">6JX14&#8243;<\/td><td class=\"has-text-align-center\" data-align=\"center\">185\/65R14<\/td><td class=\"has-text-align-center\" data-align=\"center\">&#8211;<\/td><\/tr><tr><td class=\"has-text-align-center\" data-align=\"center\"><img decoding=\"async\" src=\"http:\/\/volvo4xx.hu\/wp-content\/uploads\/2021\/01\/avior-100x100-1.jpg\" alt=\"A k\u00e9phez tartoz\u00f3 alt jellemz\u0151 \u00fcres; avior-100x100-1.jpg a f\u00e1jln\u00e9v\"><\/td><td class=\"has-text-align-center\" data-align=\"center\">AVIOR<\/td><td>ET37<\/td><td class=\"has-text-align-center\" data-align=\"center\">5,5JX14&#8243;<\/td><td class=\"has-text-align-center\" data-align=\"center\">185\/65R14<br>185\/60R14<br>175\/65R14<\/td><td class=\"has-text-align-center\" data-align=\"center\">3344940-6<\/td><\/tr><tr><td class=\"has-text-align-center\" data-align=\"center\"><img decoding=\"async\" src=\"http:\/\/volvo4xx.hu\/wp-content\/uploads\/2021\/01\/atlas-100x100-1.jpg\" alt=\"A k\u00e9phez tartoz\u00f3 alt jellemz\u0151 \u00fcres; atlas-100x100-1.jpg a f\u00e1jln\u00e9v\"><\/td><td class=\"has-text-align-center\" data-align=\"center\">ATLAS<\/td><td>ET37<\/td><td class=\"has-text-align-center\" data-align=\"center\">5,5JX14&#8243;<\/td><td class=\"has-text-align-center\" data-align=\"center\">185\/65R14<br>185\/60R14<br>175\/65R14<\/td><td class=\"has-text-align-center\" data-align=\"center\">3344651-9<\/td><\/tr><tr><td class=\"has-text-align-center\" data-align=\"center\"><img decoding=\"async\" src=\"http:\/\/volvo4xx.hu\/wp-content\/uploads\/2021\/01\/castor-100x100-1.jpg\" alt=\"A k\u00e9phez tartoz\u00f3 alt jellemz\u0151 \u00fcres; castor-100x100-1.jpg a f\u00e1jln\u00e9v\"><\/td><td class=\"has-text-align-center\" data-align=\"center\">CASTOR<\/td><td>ET37<\/td><td class=\"has-text-align-center\" data-align=\"center\">5,5JX14&#8243;<\/td><td class=\"has-text-align-center\" data-align=\"center\">185\/65R14<br>185\/60R14<br>175\/65R14<\/td><td class=\"has-text-align-center\" data-align=\"center\">3344053-5<\/td><\/tr><tr><td class=\"has-text-align-center\" data-align=\"center\"><img decoding=\"async\" src=\"http:\/\/volvo4xx.hu\/wp-content\/uploads\/2021\/01\/canis-100x100-1.jpg\" alt=\"A k\u00e9phez tartoz\u00f3 alt jellemz\u0151 \u00fcres; canis-100x100-1.jpg a f\u00e1jln\u00e9v\"><\/td><td class=\"has-text-align-center\" data-align=\"center\">CANIS<\/td><td>ET37<\/td><td class=\"has-text-align-center\" data-align=\"center\">5,5JX15&#8243;<\/td><td class=\"has-text-align-center\" data-align=\"center\">195\/50R15<\/td><td class=\"has-text-align-center\" data-align=\"center\">&#8211;<\/td><\/tr><tr><td class=\"has-text-align-center\" data-align=\"center\"><img decoding=\"async\" src=\"http:\/\/volvo4xx.hu\/wp-content\/uploads\/2021\/01\/cetus-100x100-1.jpg\" alt=\"A k\u00e9phez tartoz\u00f3 alt jellemz\u0151 \u00fcres; cetus-100x100-1.jpg a f\u00e1jln\u00e9v\"><\/td><td class=\"has-text-align-center\" data-align=\"center\">CETUS<\/td><td>ET37<\/td><td class=\"has-text-align-center\" data-align=\"center\">5,5JX15&#8243;<\/td><td class=\"has-text-align-center\" data-align=\"center\">185\/55R15<\/td><td class=\"has-text-align-center\" data-align=\"center\">&#8211;<\/td><\/tr><tr><td class=\"has-text-align-center\" data-align=\"center\"><img decoding=\"async\" src=\"http:\/\/volvo4xx.hu\/wp-content\/uploads\/2021\/01\/lyra-100x100-1.jpg\" alt=\"A k\u00e9phez tartoz\u00f3 alt jellemz\u0151 \u00fcres; lyra-100x100-1.jpg a f\u00e1jln\u00e9v\"><\/td><td class=\"has-text-align-center\" data-align=\"center\">LYRA<\/td><td>ET35<\/td><td class=\"has-text-align-center\" data-align=\"center\">6JX14&#8243;<\/td><td class=\"has-text-align-center\" data-align=\"center\">175\/65R14<\/td><td class=\"has-text-align-center\" data-align=\"center\">3465187-7<\/td><\/tr><tr><td class=\"has-text-align-center\" data-align=\"center\"><img decoding=\"async\" src=\"http:\/\/volvo4xx.hu\/wp-content\/uploads\/2021\/01\/pictor-100x100-1.jpg\" alt=\"A k\u00e9phez tartoz\u00f3 alt jellemz\u0151 \u00fcres; pictor-100x100-1.jpg a f\u00e1jln\u00e9v\"><\/td><td class=\"has-text-align-center\" data-align=\"center\">PICTOR<\/td><td>ET37<\/td><td class=\"has-text-align-center\" data-align=\"center\">5JX15&#8243;<\/td><td class=\"has-text-align-center\" data-align=\"center\">195\/55R15<\/td><td class=\"has-text-align-center\" data-align=\"center\">&#8211;<\/td><\/tr><tr><td class=\"has-text-align-center\" data-align=\"center\"><img decoding=\"async\" src=\"http:\/\/volvo4xx.hu\/wp-content\/uploads\/2021\/01\/polux-100x100-1.jpg\" alt=\"A k\u00e9phez tartoz\u00f3 alt jellemz\u0151 \u00fcres; polux-100x100-1.jpg a f\u00e1jln\u00e9v\"><\/td><td class=\"has-text-align-center\" data-align=\"center\">POLUX<\/td><td>ET37<\/td><td class=\"has-text-align-center\" data-align=\"center\">5,5JX14<\/td><td class=\"has-text-align-center\" data-align=\"center\">185\/65R14<br>185\/60R14<br>175\/65R14<\/td><td class=\"has-text-align-center\" data-align=\"center\">3344082-7<\/td><\/tr><tr><td class=\"has-text-align-center\" data-align=\"center\"><img decoding=\"async\" src=\"http:\/\/volvo4xx.hu\/wp-content\/uploads\/2021\/01\/taurus-100x100-1.jpg\" alt=\"A k\u00e9phez tartoz\u00f3 alt jellemz\u0151 \u00fcres; taurus-100x100-1.jpg a f\u00e1jln\u00e9v\"><\/td><td class=\"has-text-align-center\" data-align=\"center\">TAURUS<\/td><td>ET33<\/td><td class=\"has-text-align-center\" data-align=\"center\">6JX15&#8243;<\/td><td class=\"has-text-align-center\" data-align=\"center\">195\/50R15<br>195\/55R15<\/td><td class=\"has-text-align-center\" data-align=\"center\">3462739-8<\/td><\/tr><tr><td class=\"has-text-align-center\" data-align=\"center\"><img decoding=\"async\" src=\"http:\/\/volvo4xx.hu\/wp-content\/uploads\/2021\/01\/vega-100x100-1.jpg\" alt=\"A k\u00e9phez tartoz\u00f3 alt jellemz\u0151 \u00fcres; vega-100x100-1.jpg a f\u00e1jln\u00e9v\"><\/td><td class=\"has-text-align-center\" data-align=\"center\">VEGA<\/td><td>ET33<\/td><td class=\"has-text-align-center\" data-align=\"center\">6JX15&#8243;<\/td><td class=\"has-text-align-center\" data-align=\"center\">195\/50R15<\/td><td class=\"has-text-align-center\" data-align=\"center\">3457723-9<br>3466679-2<br>3466680-0<\/td><\/tr><tr><td class=\"has-text-align-center\" data-align=\"center\"><img decoding=\"async\" src=\"http:\/\/volvo4xx.hu\/wp-content\/uploads\/2021\/01\/vesa-100x100-1.jpg\" alt=\"A k\u00e9phez tartoz\u00f3 alt jellemz\u0151 \u00fcres; vesa-100x100-1.jpg a f\u00e1jln\u00e9v\"><\/td><td class=\"has-text-align-center\" data-align=\"center\">VESA<\/td><td>ET33<\/td><td class=\"has-text-align-center\" data-align=\"center\">6JX15&#8243;<\/td><td class=\"has-text-align-center\" data-align=\"center\">195\/50R15<\/td><td class=\"has-text-align-center\" data-align=\"center\">3465082-0<\/td><\/tr><tr><td class=\"has-text-align-center\" data-align=\"center\"><img decoding=\"async\" src=\"http:\/\/volvo4xx.hu\/wp-content\/uploads\/2021\/01\/cover1-100x100-1.jpg\" alt=\"A k\u00e9phez tartoz\u00f3 alt jellemz\u0151 \u00fcres; cover1-100x100-1.jpg a f\u00e1jln\u00e9v\"><\/td><td class=\"has-text-align-center\" data-align=\"center\"><\/td><td><\/td><td class=\"has-text-align-center\" data-align=\"center\"><\/td><td class=\"has-text-align-center\" data-align=\"center\"><\/td><td class=\"has-text-align-center\" data-align=\"center\">3432004-4<\/td><\/tr><tr><td class=\"has-text-align-center\" data-align=\"center\"><img decoding=\"async\" src=\"http:\/\/volvo4xx.hu\/wp-content\/uploads\/2021\/01\/cover2-100x100-1.jpg\" alt=\"A k\u00e9phez tartoz\u00f3 alt jellemz\u0151 \u00fcres; cover2-100x100-1.jpg a f\u00e1jln\u00e9v\"><\/td><td class=\"has-text-align-center\" data-align=\"center\"><\/td><td><\/td><td class=\"has-text-align-center\" data-align=\"center\"><\/td><td class=\"has-text-align-center\" data-align=\"center\"><\/td><td class=\"has-text-align-center\" data-align=\"center\">3451138-6<\/td><\/tr><tr><td class=\"has-text-align-center\" data-align=\"center\"><img decoding=\"async\" src=\"http:\/\/volvo4xx.hu\/wp-content\/uploads\/2021\/01\/cover3-100x100-1.jpg\" alt=\"A k\u00e9phez tartoz\u00f3 alt jellemz\u0151 \u00fcres; cover3-100x100-1.jpg a f\u00e1jln\u00e9v\"><\/td><td class=\"has-text-align-center\" data-align=\"center\"><\/td><td><\/td><td class=\"has-text-align-center\" data-align=\"center\"><\/td><td class=\"has-text-align-center\" data-align=\"center\"><\/td><td class=\"has-text-align-center\" data-align=\"center\">3457374-1<br>3468997-6<\/td><\/tr><tr><td class=\"has-text-align-center\" data-align=\"center\"><img decoding=\"async\" src=\"http:\/\/volvo4xx.hu\/wp-content\/uploads\/2021\/01\/ujtarcsa.jpg\" alt=\"A k\u00e9phez tartoz\u00f3 alt jellemz\u0151 \u00fcres; ujtarcsa.jpg a f\u00e1jln\u00e9v\" style=\"width: 100px;\"><\/td><td class=\"has-text-align-center\" data-align=\"center\"><\/td><td><\/td><td class=\"has-text-align-center\" data-align=\"center\"><\/td><td class=\"has-text-align-center\" data-align=\"center\"><\/td><td class=\"has-text-align-center\" data-align=\"center\">&#8211;<\/td><\/tr><tr><td class=\"has-text-align-center\" data-align=\"center\"><img decoding=\"async\" src=\"http:\/\/volvo4xx.hu\/wp-content\/uploads\/2021\/01\/regitarcsa.jpg\" alt=\"A k\u00e9phez tartoz\u00f3 alt jellemz\u0151 \u00fcres; regitarcsa.jpg a f\u00e1jln\u00e9v\" style=\"width: 100px;\"><\/td><td class=\"has-text-align-center\" data-align=\"center\"><\/td><td><\/td><td class=\"has-text-align-center\" data-align=\"center\"><\/td><td class=\"has-text-align-center\" data-align=\"center\"><\/td><td class=\"has-text-align-center\" data-align=\"center\">&#8211;<\/td><\/tr><\/tbody><\/table><\/figure>\n\n\n\n<hr class=\"wp-block-separator has-css-opacity is-style-wide\"\/>\n\n\n\n<figure class=\"wp-block-image size-large\"><img loading=\"lazy\" decoding=\"async\" width=\"768\" height=\"276\" src=\"http:\/\/volvo4xx.hu\/wp-content\/uploads\/2021\/01\/ronal_480-768x276-1.png\" alt=\"\" class=\"wp-image-208\" srcset=\"https:\/\/volvo4xx.hu\/wp-content\/uploads\/2021\/01\/ronal_480-768x276-1.png 768w, https:\/\/volvo4xx.hu\/wp-content\/uploads\/2021\/01\/ronal_480-768x276-1-300x108.png 300w\" sizes=\"(max-width: 768px) 100vw, 768px\" \/><figcaption class=\"wp-element-caption\">A RONAL versenyfelni a kiv\u00e9tel!<\/figcaption><\/figure>\n\n\n\n<figure class=\"wp-block-gallery has-nested-images columns-default is-cropped wp-block-gallery-2 is-layout-flex wp-block-gallery-is-layout-flex\">\n<figure class=\"wp-block-image size-large\"><img loading=\"lazy\" decoding=\"async\" width=\"945\" height=\"494\" data-id=\"834\" src=\"http:\/\/volvo4xx.hu\/wp-content\/uploads\/2021\/02\/Cetus_Taurus.png\" alt=\"\" class=\"wp-image-834\" srcset=\"https:\/\/volvo4xx.hu\/wp-content\/uploads\/2021\/02\/Cetus_Taurus.png 945w, https:\/\/volvo4xx.hu\/wp-content\/uploads\/2021\/02\/Cetus_Taurus-300x157.png 300w, https:\/\/volvo4xx.hu\/wp-content\/uploads\/2021\/02\/Cetus_Taurus-768x401.png 768w\" sizes=\"(max-width: 945px) 100vw, 945px\" \/><\/figure>\n<\/figure>\n\n\n\n<hr class=\"wp-block-separator has-css-opacity is-style-wide\"\/>\n\n\n\n<p class=\"has-text-align-center\"><em>A honlapon szerepl\u0151 anyagok, k\u00e9pek a \u201cVolvo Car Corporation\u201d \u00e9s a magyarorsz\u00e1gi Volvo tulajdonosok szellemi tulajdon\u00e1t k\u00e9pezik!<\/em><\/p>\n","protected":false},"excerpt":{"rendered":"<p>gy\u00e1ri lemez- \u00e9s k\u00f6nny\u0171f\u00e9m felnijei, d\u00edszt\u00e1rcs\u00e1i 14-15-\u00f6s m\u00e9ret\u0171ek, a p\u00f3tker\u00e9k lehet teljes \u00e9rt\u00e9k\u0171 vagy mank\u00f3ker\u00e9k. Egy aut\u00f3 megjelen\u00e9s\u00e9t, ki\u00e1ll\u00e1s\u00e1t nagyban befoly\u00e1solja kerekeinek kin\u00e9zete, azok \u00e1llapota. M\u00e9g a sima lemezfelnikre tervezett gy\u00e1ri d\u00edszt\u00e1rcs\u00e1k is messze jobb \u00f6sszhat\u00e1st adnak az aut\u00f3nak, mint az egy\u00e9b, nem gy\u00e1ri, a hipermarketek \u00e9s egy\u00e9b aut\u00f3sboltok &#8222;ig\u00e9nyes&#8221; darabjai. Sokan a gy\u00e1ri felniket [&hellip;]<\/p>\n","protected":false},"author":1,"featured_media":0,"parent":0,"menu_order":0,"comment_status":"closed","ping_status":"closed","template":"","meta":{"_exactmetrics_skip_tracking":false,"_exactmetrics_sitenote_active":false,"_exactmetrics_sitenote_note":"","_exactmetrics_sitenote_category":0,"footnotes":""},"_links":{"self":[{"href":"https:\/\/volvo4xx.hu\/index.php?rest_route=\/wp\/v2\/pages\/54"}],"collection":[{"href":"https:\/\/volvo4xx.hu\/index.php?rest_route=\/wp\/v2\/pages"}],"about":[{"href":"https:\/\/volvo4xx.hu\/index.php?rest_route=\/wp\/v2\/types\/page"}],"author":[{"embeddable":true,"href":"https:\/\/volvo4xx.hu\/index.php?rest_route=\/wp\/v2\/users\/1"}],"replies":[{"embeddable":true,"href":"https:\/\/volvo4xx.hu\/index.php?rest_route=%2Fwp%2Fv2%2Fcomments&post=54"}],"version-history":[{"count":37,"href":"https:\/\/volvo4xx.hu\/index.php?rest_route=\/wp\/v2\/pages\/54\/revisions"}],"predecessor-version":[{"id":2407,"href":"https:\/\/volvo4xx.hu\/index.php?rest_route=\/wp\/v2\/pages\/54\/revisions\/2407"}],"wp:attachment":[{"href":"https:\/\/volvo4xx.hu\/index.php?rest_route=%2Fwp%2Fv2%2Fmedia&parent=54"}],"curies":[{"name":"wp","href":"https:\/\/api.w.org\/{rel}","templated":true}]}}