{"id":48,"date":"2021-01-21T12:59:15","date_gmt":"2021-01-21T12:59:15","guid":{"rendered":"http:\/\/volvo4xx.hu\/?page_id=48"},"modified":"2025-12-07T20:27:53","modified_gmt":"2025-12-07T20:27:53","slug":"480-2","status":"publish","type":"page","link":"https:\/\/volvo4xx.hu\/?page_id=48","title":{"rendered":"480"},"content":{"rendered":"\n<figure class=\"wp-block-image size-large is-resized\"><img loading=\"lazy\" decoding=\"async\" width=\"1024\" height=\"685\" src=\"http:\/\/volvo4xx.hu\/wp-content\/uploads\/2021\/01\/480meretei-1024x685.jpg\" alt=\"\" class=\"wp-image-354\" style=\"width:840px;height:auto\" srcset=\"https:\/\/volvo4xx.hu\/wp-content\/uploads\/2021\/01\/480meretei-1024x685.jpg 1024w, https:\/\/volvo4xx.hu\/wp-content\/uploads\/2021\/01\/480meretei-300x201.jpg 300w, https:\/\/volvo4xx.hu\/wp-content\/uploads\/2021\/01\/480meretei-768x514.jpg 768w, https:\/\/volvo4xx.hu\/wp-content\/uploads\/2021\/01\/480meretei.jpg 1096w\" sizes=\"(max-width: 1024px) 100vw, 1024px\" \/><\/figure>\n\n\n\n<hr class=\"wp-block-separator has-css-opacity is-style-wide\"\/>\n\n\n\n<figure class=\"wp-block-image size-large\"><img loading=\"lazy\" decoding=\"async\" width=\"1024\" height=\"768\" src=\"http:\/\/volvo4xx.hu\/wp-content\/uploads\/2023\/01\/DSCF0744-1024x768.jpg\" alt=\"\" class=\"wp-image-1797\" srcset=\"https:\/\/volvo4xx.hu\/wp-content\/uploads\/2023\/01\/DSCF0744-1024x768.jpg 1024w, https:\/\/volvo4xx.hu\/wp-content\/uploads\/2023\/01\/DSCF0744-300x225.jpg 300w, https:\/\/volvo4xx.hu\/wp-content\/uploads\/2023\/01\/DSCF0744-768x576.jpg 768w, https:\/\/volvo4xx.hu\/wp-content\/uploads\/2023\/01\/DSCF0744-1536x1152.jpg 1536w, https:\/\/volvo4xx.hu\/wp-content\/uploads\/2023\/01\/DSCF0744.jpg 2048w\" sizes=\"(max-width: 1024px) 100vw, 1024px\" \/><\/figure>\n\n\n\n<p>Milyen el\u0151zm\u00e9nyei voltak a 480-asnak? Van k\u00f6vet\u0151je a t\u00edpusnak? A VOLVO az amerikai piacra koncentr\u00e1lva egy kism\u00e9ret\u0171, f\u00fcrge sportkocsival szeretett volna az ottani piacra bet\u00f6rni, akkor, amikor ott \u00e9s Eur\u00f3p\u00e1ban az \u00fcvegsz\u00e1l er\u0151s\u00edt\u00e9s\u0171 m\u0171anyagkasztnis sportaut\u00f3k m\u00e1r megjelentek (Lotus, Corvette, Studebaker). Vegy\u00fck id\u0151rendi sorrendben a VOLVO sportaut\u00f3it! <\/p>\n\n\n<div class=\"wp-block-image\">\n<figure class=\"alignleft size-large is-resized\"><a href=\"http:\/\/volvo4xx.hu\/wp-content\/uploads\/2021\/02\/volvo_1800_es_1972.jpg\" target=\"_blank\" rel=\"http:\/\/volvo4xx.hu\/wp-content\/uploads\/2021\/02\/volvo_1800_es_1972.jpg noopener\"><img loading=\"lazy\" decoding=\"async\" width=\"1024\" height=\"768\" src=\"http:\/\/volvo4xx.hu\/wp-content\/uploads\/2021\/02\/volvo_1800_es_1972.jpg\" alt=\"\" class=\"wp-image-893\" style=\"width:307px;height:230px\" srcset=\"https:\/\/volvo4xx.hu\/wp-content\/uploads\/2021\/02\/volvo_1800_es_1972.jpg 1024w, https:\/\/volvo4xx.hu\/wp-content\/uploads\/2021\/02\/volvo_1800_es_1972-300x225.jpg 300w, https:\/\/volvo4xx.hu\/wp-content\/uploads\/2021\/02\/volvo_1800_es_1972-768x576.jpg 768w\" sizes=\"(max-width: 1024px) 100vw, 1024px\" \/><\/a><\/figure><\/div>\n\n\n<p>1954: a nagyon kis sz\u00e9ri\u00e1ban (67 db \u00e9s az <a rel=\"noreferrer noopener\" href=\"https:\/\/www.youtube.com\/watch?v=hEEor0zH06I&amp;ab_channel=DavidBello\" target=\"_blank\">\u00f6sszes megvan<\/a> m\u00e9g!) k\u00e9sz\u00edtett m\u0171anyag karossz\u00e9ri\u00e1s P1900-as nem hozott sikert, kicsi volt \u00e9s dr\u00e1ga. Gunnar Engellau egy tesztvezet\u00e9s ut\u00e1n annyira el\u00e9gedetlen volt vele, hogy azonnal le\u00e1ll\u00edtotta a gy\u00e1rt\u00e1s\u00e1t. 1959: a k\u00f6vetkez\u0151 sportaut\u00f3 a P1800-as volt, igazi remekm\u0171vet alkotott <a rel=\"noreferrer noopener\" href=\"https:\/\/www.media.volvocars.com\/global\/en-gb\/media\/videos\/229522\/pelle-petterson-i-designed-the-volvo-p1800-roger-moore-made-it-famous\" target=\"_blank\">Pelle Peterson<\/a>. Olasz formavil\u00e1g, angol gy\u00e1rt\u00e1s az els\u0151 \u00e9vekben, azt\u00e1n a min\u0151s\u00e9gi probl\u00e9m\u00e1k miatt \u00e1ttett\u00e9k a gy\u00e1rt\u00e1s\u00e1t Sv\u00e9dorsz\u00e1gba, a P1800 S is ezt jelzi. K\u00f6vetkezett a P1800 ES (1971), az az id\u0151t\u00e1ll\u00f3 formavil\u00e1g sz\u00fcletett meg, amit a 480-as \u00e9s a C30-as is tov\u00e1bbvitt: k\u00e9tajt\u00f3s, n\u00e9gy\u00fcl\u00e9ses sportos kombikarossz\u00e9ria, a &#8222;shooting brake&#8221;, tiszta\u00fcveg h\u00e1ts\u00f3ajt\u00f3val, jellegzetes h\u00e1ts\u00f3 v\u00e1ll\u00f6v\u00e9vel. A 480-as formai ut\u00f3dja a C30-as lett: \u201c&#8230;<em>minden, minden ami a szuperdivatos C30-ban j\u00f3 formai \u00f6tletnek t\u0171nik, innen j\u00f6n<\/em>\u201d (Totalcar). Hogy melyik t\u00edpus szebb, melyik \u00e9rt\u00e9kesebb, melyiknek nagyobb a preszt\u00edzse, ez egy \u00f6r\u00f6k \u00e9s eld\u00f6nthetetlen vita a <a rel=\"noreferrer noopener\" href=\"http:\/\/volvo4xx.hu\/wp-content\/uploads\/2021\/02\/p1800_480.jpg\" target=\"_blank\">P1800 ES \u00e9s a 480-as<\/a> rajong\u00f3i k\u00f6z\u00f6tt! Nem szabad kihagyni a Bertone tervezte k\u00e9tajt\u00f3s 780-ast, igaz, az m\u00e9retei miatt ink\u00e1bb m\u00e1r egy m\u00e1sik kateg\u00f3ria, de mindenk\u00e9pp egy l\u00e9p\u00e9s volt a sportosabb ir\u00e1ny fel\u00e9. <\/p>\n\n\n\n<figure class=\"wp-block-gallery has-nested-images columns-default is-cropped wp-block-gallery-1 is-layout-flex wp-block-gallery-is-layout-flex\">\n<figure class=\"wp-block-image size-large\"><img loading=\"lazy\" decoding=\"async\" width=\"320\" height=\"224\" data-id=\"890\" src=\"http:\/\/volvo4xx.hu\/wp-content\/uploads\/2021\/02\/robbant_480.png\" alt=\"\" class=\"wp-image-890\" srcset=\"https:\/\/volvo4xx.hu\/wp-content\/uploads\/2021\/02\/robbant_480.png 320w, https:\/\/volvo4xx.hu\/wp-content\/uploads\/2021\/02\/robbant_480-300x210.png 300w\" sizes=\"(max-width: 320px) 100vw, 320px\" \/><\/figure>\n\n\n\n<figure class=\"wp-block-image size-large\"><img loading=\"lazy\" decoding=\"async\" width=\"1024\" height=\"604\" data-id=\"889\" src=\"http:\/\/volvo4xx.hu\/wp-content\/uploads\/2021\/02\/p1800_rontgen-1024x604.jpg\" alt=\"\" class=\"wp-image-889\" srcset=\"https:\/\/volvo4xx.hu\/wp-content\/uploads\/2021\/02\/p1800_rontgen-1024x604.jpg 1024w, https:\/\/volvo4xx.hu\/wp-content\/uploads\/2021\/02\/p1800_rontgen-300x177.jpg 300w, https:\/\/volvo4xx.hu\/wp-content\/uploads\/2021\/02\/p1800_rontgen-768x453.jpg 768w, https:\/\/volvo4xx.hu\/wp-content\/uploads\/2021\/02\/p1800_rontgen-1536x906.jpg 1536w, https:\/\/volvo4xx.hu\/wp-content\/uploads\/2021\/02\/p1800_rontgen-2048x1208.jpg 2048w\" sizes=\"(max-width: 1024px) 100vw, 1024px\" \/><\/figure>\n\n\n\n<figure class=\"wp-block-image size-large\"><img loading=\"lazy\" decoding=\"async\" width=\"1024\" height=\"683\" data-id=\"891\" src=\"http:\/\/volvo4xx.hu\/wp-content\/uploads\/2021\/02\/c30.jpg\" alt=\"\" class=\"wp-image-891\" srcset=\"https:\/\/volvo4xx.hu\/wp-content\/uploads\/2021\/02\/c30.jpg 1024w, https:\/\/volvo4xx.hu\/wp-content\/uploads\/2021\/02\/c30-300x200.jpg 300w, https:\/\/volvo4xx.hu\/wp-content\/uploads\/2021\/02\/c30-768x512.jpg 768w\" sizes=\"(max-width: 1024px) 100vw, 1024px\" \/><\/figure>\n\n\n\n<figure class=\"wp-block-image size-large\"><img loading=\"lazy\" decoding=\"async\" width=\"1024\" height=\"768\" data-id=\"892\" src=\"http:\/\/volvo4xx.hu\/wp-content\/uploads\/2021\/02\/p1800es_480_c30_kollazs.jpg\" alt=\"\" class=\"wp-image-892\" srcset=\"https:\/\/volvo4xx.hu\/wp-content\/uploads\/2021\/02\/p1800es_480_c30_kollazs.jpg 1024w, https:\/\/volvo4xx.hu\/wp-content\/uploads\/2021\/02\/p1800es_480_c30_kollazs-300x225.jpg 300w, https:\/\/volvo4xx.hu\/wp-content\/uploads\/2021\/02\/p1800es_480_c30_kollazs-768x576.jpg 768w\" sizes=\"(max-width: 1024px) 100vw, 1024px\" \/><figcaption class=\"wp-element-caption\"><a rel=\"noreferrer noopener\" href=\"http:\/\/volvo4xx.hu\/wp-content\/uploads\/2021\/02\/p1800es_480_c30_kollazs.jpg\" target=\"_blank\">Az \u00f6r\u00f6k forma, a &#8222;Shooting brake&#8221; <\/a><\/figcaption><\/figure>\n<\/figure>\n\n\n\n<hr class=\"wp-block-separator has-css-opacity is-style-wide\"\/>\n\n\n<div class=\"wp-block-image\">\n<figure class=\"alignleft size-large\"><img loading=\"lazy\" decoding=\"async\" width=\"272\" height=\"46\" src=\"http:\/\/volvo4xx.hu\/wp-content\/uploads\/2021\/02\/a480as.jpg\" alt=\"\" class=\"wp-image-819\"\/><\/figure><\/div>\n\n\n<p> deb\u00fct\u00e1lt a genfi Vil\u00e1gki\u00e1ll\u00edt\u00e1son, gy\u00e1rt\u00e1sa, forgalmaz\u00e1sa 1986-ban indult \u00e9s 1995 \u0151sz\u00e9ig gy\u00e1rtott\u00e1k. V\u00e9gleges karossz\u00e9riaform\u00e1ja hosszas k\u00eds\u00e9rletezget\u00e9sek ut\u00e1n alakult ki. H\u00edres el\u0151dj\u00e9nek, a P 1800-asnak az&nbsp;egybe\u00fcveg&nbsp;h\u00e1ts\u00f3 ajtaj\u00e1t &#8211; amit azt\u00e1n a C 30-as is megkapott &#8211; a k\u00e9tajt\u00f3s, de k\u00e9nyelmes n\u00e9gy\u00fcl\u00e9ses utasteret rejt\u0151 \u201c<a href=\"https:\/\/en.wikipedia.org\/wiki\/Shooting-brake\">shooting brake<\/a>\u201d karossz\u00e9riaform\u00e1t \u00f6r\u00f6kli. A ma ismert form\u00e1j\u00e1t a Bertone st\u00fadi\u00f3&nbsp;<a href=\"http:\/\/www.carstyling.ru\/en\/car\/1979_volvo_tundra\/images\/26371\/\">terv\u00e9t<\/a>&nbsp;elvetve \u2013&nbsp;<strong>Rob Koch<\/strong>&nbsp;vezet\u00e9s\u00e9vel egy sv\u00e9d-holland tervez\u0151csapat rajzolta&nbsp;meg. \u00d6sszesen&nbsp; 80 464 db k\u00e9sz\u00fclt,&nbsp; a hollandiai Born gy\u00e1rt\u00f3sor\u00e1n.<\/p>\n\n\n<div class=\"wp-block-image\">\n<figure class=\"alignright size-large is-resized\"><a href=\"http:\/\/volvo4xx.hu\/wp-content\/uploads\/2021\/02\/480_szenrajz.png\" target=\"_blank\" rel=\"noopener\"><img loading=\"lazy\" decoding=\"async\" width=\"688\" height=\"473\" src=\"http:\/\/volvo4xx.hu\/wp-content\/uploads\/2021\/02\/480_szenrajz.png\" alt=\"\" class=\"wp-image-927\" style=\"width:531px;height:364px\" srcset=\"https:\/\/volvo4xx.hu\/wp-content\/uploads\/2021\/02\/480_szenrajz.png 688w, https:\/\/volvo4xx.hu\/wp-content\/uploads\/2021\/02\/480_szenrajz-300x206.png 300w\" sizes=\"(max-width: 688px) 100vw, 688px\" \/><\/a><\/figure><\/div>\n\n\n<p>Ann\u00f3 Amerik\u00e1nak tervezt\u00e9k, a sors \u00e9s a m\u00e1sodik \u00fczemanyag\u00e1r-robban\u00e1s miatt v\u00e9g\u00fcl az \u00f6sszes Eur\u00f3p\u00e1ban maradt! Az amerikai szabv\u00e1nyok miatt ker\u00fcltek r\u00e1 a m\u00e9retes t\u00falny\u00fal\u00e1s\u00fa els\u0151 \u00e9s h\u00e1ts\u00f3 l\u00f6kh\u00e1r\u00edt\u00f3k, ezek a hajl\u00e9kony m\u0171anyagh\u00e9j \u00e9s a habos\u00edtott bet\u00e9t miatt <a rel=\"noreferrer noopener\" href=\"http:\/\/volvo4xx.hu\/wp-content\/uploads\/2021\/02\/8km_h_utkozes.png\" target=\"_blank\">8 km\/h sebess\u00e9gig<\/a> deform\u00e1ci\u00f3 \u00e9s t\u00f6r\u00e9s n\u00e9lk\u00fcl elviselik az \u00fctk\u00f6z\u00e9st. Szint\u00e9n az ottani szabv\u00e1ny k\u00f6vetelte a buk\u00f3l\u00e1mp\u00e1kat \u00e9s a kocsi oldal\u00e1n el\u0151l-h\u00e1tul a s\u00e1rga f\u00e9nyvisszaver\u0151 prizm\u00e1kat. <\/p>\n\n\n<div class=\"wp-block-image\">\n<figure class=\"aligncenter size-large is-resized\"><img loading=\"lazy\" decoding=\"async\" width=\"1024\" height=\"829\" src=\"http:\/\/volvo4xx.hu\/wp-content\/uploads\/2021\/01\/480lassu.gif\" alt=\"\" class=\"wp-image-366\" style=\"width:716px;height:579px\"\/><\/figure><\/div>\n\n\n<p class=\"has-text-align-center\">Az ut\u00e1ngy\u00e1rtott h\u00e1ts\u00f3 l\u00e1mp\u00e1k paneljei \u00e9s a k\u00f6z\u00e9ps\u0151 panel kincset \u00e9rnek: <a href=\"https:\/\/www.volvo480.shop\/categorie-produit\/pieces-repro\/\" data-type=\"link\" data-id=\"https:\/\/www.volvo480.shop\/categorie-produit\/pieces-repro\/\">ITT megrendelhet\u0151ek!<\/a> <\/p>\n\n\n\n<hr class=\"wp-block-separator has-css-opacity is-style-wide\"\/>\n\n\n\n<p class=\"has-text-align-center\"><strong>Az 1985-1995 k\u00f6z\u00f6tt gy\u00e1rtott 480-asok darabsz\u00e1m\u00e1nak alakul\u00e1sa<\/strong><\/p>\n\n\n<div class=\"wp-block-image\">\n<figure class=\"aligncenter size-large is-resized\"><img loading=\"lazy\" decoding=\"async\" width=\"700\" height=\"181\" src=\"http:\/\/volvo4xx.hu\/wp-content\/uploads\/2021\/01\/4xx_dbszam_1986_1996-700x340-1.png\" alt=\"\" class=\"wp-image-355\" style=\"width:727px;height:187px\" srcset=\"https:\/\/volvo4xx.hu\/wp-content\/uploads\/2021\/01\/4xx_dbszam_1986_1996-700x340-1.png 700w, https:\/\/volvo4xx.hu\/wp-content\/uploads\/2021\/01\/4xx_dbszam_1986_1996-700x340-1-300x78.png 300w\" sizes=\"(max-width: 700px) 100vw, 700px\" \/><\/figure><\/div>\n\n<div class=\"wp-block-image\">\n<figure class=\"aligncenter size-large is-resized\"><img loading=\"lazy\" decoding=\"async\" width=\"895\" height=\"690\" src=\"http:\/\/volvo4xx.hu\/wp-content\/uploads\/2021\/01\/480_elek.jpg\" alt=\"\" class=\"wp-image-379\" style=\"width:752px;height:579px\" srcset=\"https:\/\/volvo4xx.hu\/wp-content\/uploads\/2021\/01\/480_elek.jpg 895w, https:\/\/volvo4xx.hu\/wp-content\/uploads\/2021\/01\/480_elek-300x231.jpg 300w, https:\/\/volvo4xx.hu\/wp-content\/uploads\/2021\/01\/480_elek-768x592.jpg 768w\" sizes=\"(max-width: 895px) 100vw, 895px\" \/><\/figure><\/div>\n\n\n<hr class=\"wp-block-separator has-css-opacity is-style-wide\"\/>\n\n\n<div class=\"wp-block-image\">\n<figure class=\"alignleft size-large\"><img loading=\"lazy\" decoding=\"async\" width=\"500\" height=\"48\" src=\"http:\/\/volvo4xx.hu\/wp-content\/uploads\/2021\/02\/elso_fronthajtasu.jpg\" alt=\"\" class=\"wp-image-824\" srcset=\"https:\/\/volvo4xx.hu\/wp-content\/uploads\/2021\/02\/elso_fronthajtasu.jpg 500w, https:\/\/volvo4xx.hu\/wp-content\/uploads\/2021\/02\/elso_fronthajtasu-300x29.jpg 300w\" sizes=\"(max-width: 500px) 100vw, 500px\" \/><\/figure><\/div>\n\n\n<p class=\"has-text-align-left\">Kor\u00e1t meghalad\u00f3 mer\u00e9sz formaterv\u00e9vel (massz\u00edv els\u0151-h\u00e1ts\u00f3 l\u00f6kh\u00e1r\u00edt\u00f3k, felt\u0171n\u0151 buk\u00f3l\u00e1mp\u00e1s orr\u00e9sz, \u00e9k alak\u00fa kasztni a jellegzetes h\u00e1ts\u00f3&nbsp;v\u00e1llr\u00e9sszel, ami \u00e1tvezet a j\u00f3l eltal\u00e1lt kortalan h\u00e1ts\u00f3r\u00e9szhez &nbsp;a&nbsp;k\u00e9t cs\u00edkl\u00e1mpatesttel \u00e9s a teljes\u00fcveg ajt\u00f3val), &nbsp;egyedi jelens\u00e9g volt \u00e9s m\u00e9g most is az.<\/p>\n\n\n\n<figure class=\"wp-block-embed aligncenter is-type-video is-provider-youtube wp-block-embed-youtube wp-embed-aspect-4-3 wp-has-aspect-ratio\"><div class=\"wp-block-embed__wrapper\">\n<iframe loading=\"lazy\" title=\"1986 Motor Show - Day 2 - Derek Bell - Birmingham NEC\" width=\"640\" height=\"480\" src=\"https:\/\/www.youtube.com\/embed\/AaYq7novUGk?feature=oembed\" frameborder=\"0\" allow=\"accelerometer; autoplay; clipboard-write; encrypted-media; gyroscope; picture-in-picture; web-share\" referrerpolicy=\"strict-origin-when-cross-origin\" allowfullscreen><\/iframe>\n<\/div><\/figure>\n\n\n\n<div class=\"wp-block-group\"><div class=\"wp-block-group__inner-container is-layout-flow wp-block-group-is-layout-flow\">\n<figure class=\"wp-block-gallery has-nested-images columns-default is-cropped wp-block-gallery-2 is-layout-flex wp-block-gallery-is-layout-flex\">\n<figure class=\"wp-block-image size-large\"><img loading=\"lazy\" decoding=\"async\" width=\"388\" height=\"150\" src=\"http:\/\/volvo4xx.hu\/wp-content\/uploads\/2021\/01\/480kacsint.gif\" alt=\"\" class=\"wp-image-360\"\/><\/figure>\n\n\n\n<figure class=\"wp-block-image size-large\"><img loading=\"lazy\" decoding=\"async\" width=\"700\" height=\"340\" src=\"http:\/\/volvo4xx.hu\/wp-content\/uploads\/2021\/01\/480_cabrio-700x340-1.jpg\" alt=\"\" class=\"wp-image-362\" srcset=\"https:\/\/volvo4xx.hu\/wp-content\/uploads\/2021\/01\/480_cabrio-700x340-1.jpg 700w, https:\/\/volvo4xx.hu\/wp-content\/uploads\/2021\/01\/480_cabrio-700x340-1-300x146.jpg 300w\" sizes=\"(max-width: 700px) 100vw, 700px\" \/><\/figure>\n\n\n\n<figure class=\"wp-block-image size-large\"><img loading=\"lazy\" decoding=\"async\" width=\"646\" height=\"256\" src=\"http:\/\/volvo4xx.hu\/wp-content\/uploads\/2021\/01\/index_jobb-1.gif\" alt=\"\" class=\"wp-image-359\"\/><\/figure>\n<\/figure>\n<\/div><\/div>\n\n\n\n<p class=\"has-text-align-left\">Napjainkban is megfordulnak ut\u00e1na az utc\u00e1n, rengeteg im\u00e1d\u00f3ja van a 480-asnak. A <a rel=\"noreferrer noopener\" href=\"http:\/\/volvo4xx.hu\/wp-content\/uploads\/2021\/01\/480_cabrio-700x340-1.jpg\" target=\"_blank\">mutat\u00f3s&nbsp;kabri\u00f3<\/a>&nbsp;k\u00e9sz protot\u00edpusa sorozatgy\u00e1rt\u00e1sba sajnos sosem&nbsp;ker\u00fclt. A phase I-es sorozatn\u00e1l a f\u00e9l Eur\u00f3p\u00e1t \u00e9rint\u0151 besz\u00e1ll\u00edt\u00f3i k\u00f6r&nbsp;miatt mindenf\u00e9le, f\u0151leg elektromos eredet\u0171 hib\u00e1k, min\u0151s\u00e9gprobl\u00e9m\u00e1k jelentkeztek, ezeket azt\u00e1n 1990-re orvosolt\u00e1k.<\/p>\n\n\n\n<p class=\"has-text-align-left\">Els\u0151k\u00e9nt alkalmaztak k\u00f6zponti sz\u00e1m\u00edt\u00f3g\u00e9pet (IC), amely&nbsp;a m\u0171szerfalon olyan inf\u00f3kat adott (mindezt 1985-ben!), mint a pillanatnyi- \u00e9s az \u00e1tlagfogyaszt\u00e1s, a megtehet\u0151 t\u00e1vols\u00e1g, a motorolaj- \u00e9s a h\u0171t\u0151folyad\u00e9k pillanatnyi h\u0151foka, k\u00fcls\u0151 h\u0151m\u00e9rs\u00e9klet. <\/p>\n\n\n<div class=\"wp-block-image\">\n<figure class=\"alignright size-large is-resized\"><img loading=\"lazy\" decoding=\"async\" width=\"422\" height=\"343\" src=\"http:\/\/volvo4xx.hu\/wp-content\/uploads\/2021\/02\/ic_e.gif\" alt=\"\" class=\"wp-image-663\" style=\"width:418px;height:340px\"\/><\/figure><\/div>\n\n\n<figure class=\"wp-block-gallery has-nested-images columns-default is-cropped wp-block-gallery-3 is-layout-flex wp-block-gallery-is-layout-flex\">\n<figure class=\"wp-block-image size-large\"><img loading=\"lazy\" decoding=\"async\" width=\"919\" height=\"398\" data-id=\"397\" src=\"http:\/\/volvo4xx.hu\/wp-content\/uploads\/2021\/01\/3as_muszeregyseg_IC_legkondi.png\" alt=\"\" class=\"wp-image-397\" srcset=\"https:\/\/volvo4xx.hu\/wp-content\/uploads\/2021\/01\/3as_muszeregyseg_IC_legkondi.png 919w, https:\/\/volvo4xx.hu\/wp-content\/uploads\/2021\/01\/3as_muszeregyseg_IC_legkondi-300x130.png 300w, https:\/\/volvo4xx.hu\/wp-content\/uploads\/2021\/01\/3as_muszeregyseg_IC_legkondi-768x333.png 768w\" sizes=\"(max-width: 919px) 100vw, 919px\" \/><\/figure>\n<\/figure>\n\n\n\n<p class=\"has-text-align-left\">Ezek mellett olyan k\u00e9nyelmi funkci\u00f3kat biztos\u00edt, mint a bekapcsolt ablakt\u00f6rl\u0151 \u00fczemn\u00e9l h\u00e1tramenetbe v\u00e1lt\u00e1skor automatikusan indul\u00f3 h\u00e1ts\u00f3 ablakt\u00f6rl\u0151; leparkol\u00e1skor s\u00f6t\u00e9tben a \u201c<a href=\"https:\/\/www.youtube.com\/watch?v=8ZkwjOUiGAg&amp;t=17s\">Follow me home<\/a>\u201d funkci\u00f3, amely az els\u0151 f\u00e9nysz\u00f3r\u00f3kat k\u00e9sleltetve kapcsolja ki. Napjainkban egyre kevesebb magyarorsz\u00e1gi 480-as fut az utakon, tulajdonosai ragaszkodnak a megszerzett p\u00e9ld\u00e1nyaikhoz. A lassan m\u00e1r veter\u00e1nkorba l\u00e9p\u0151, j\u00f3 \u00e1llapot\u00fa p\u00e9ld\u00e1nyok n\u00e9h\u00e1ny \u00e9v m\u00falva m\u00e1r komoly \u00f6sszegeket fognak \u00e9rni tulajdonosaik sz\u00e1m\u00e1ra, mivel a magyar haszn\u00e1ltaut\u00f3 piacr\u00f3l gyakorlatilag elt\u0171n\u0151f\u00e9lben van a t\u00edpus. Az Orsz\u00e1gos Volvo Tal\u00e1lkoz\u00f3k (OVT) egyik f\u00e9nypontja az a j\u00f3 esetben egytucat 480-as, amelyeket ilyenkor&nbsp; egy\u00fctt l\u00e1tni.<\/p>\n\n\n<div class=\"wp-block-image\">\n<figure class=\"aligncenter size-large\"><img loading=\"lazy\" decoding=\"async\" width=\"768\" height=\"247\" src=\"http:\/\/volvo4xx.hu\/wp-content\/uploads\/2021\/01\/OVT_480asok-768x247-1.png\" alt=\"\" class=\"wp-image-368\" srcset=\"https:\/\/volvo4xx.hu\/wp-content\/uploads\/2021\/01\/OVT_480asok-768x247-1.png 768w, https:\/\/volvo4xx.hu\/wp-content\/uploads\/2021\/01\/OVT_480asok-768x247-1-300x96.png 300w\" sizes=\"(max-width: 768px) 100vw, 768px\" \/><\/figure><\/div>\n\n\n<p class=\"has-text-align-left\">Meggy\u0151z\u0151 \u00e9s \u00e9lvezetes a 480-as vezet\u00e9se, ez nem v\u00e9letlen, hisz az&nbsp;els\u0151 fut\u00f3m\u0171&nbsp;hangol\u00e1s\u00e1t a Lotus v\u00e9gezte. A&nbsp;h\u00e1ts\u00f3 fut\u00f3m\u0171 merevhidas konstrukci\u00f3ja miatt nagy sebess\u00e9gn\u00e9l, keresztir\u00e1ny\u00fa \u00fatbord\u00e1kn\u00e1l elpattoghat. Az 1985-\u00f6s gy\u00e1rt\u00e1s&nbsp;beind\u00edt\u00e1sa ut\u00e1n k\u00e9t akkori turb\u00f3s konkurenssel (Honda Prelude 2.0, VW Golf GTI) <a href=\"https:\/\/www.youtube.com\/watch?v=wT-9GOaig2o&amp;ab_channel=S60Rawd\">k\u00f6z\u00f6sen tesztelt\u00e9k<\/a> az aut\u00f3 vezethet\u0151s\u00e9g\u00e9t, fogyaszt\u00e1s\u00e1t \u00e9s fut\u00f3m\u0171v\u00e9t.<\/p>\n\n\n\n<p class=\"has-text-align-left\">Kor\u00e1nak&nbsp;<a href=\"https:\/\/www.youtube.com\/watch?v=2n7qx60pEVA\">t\u00f6r\u00e9stesztjein<\/a>&nbsp;el\u0151kel\u0151 helyen v\u00e9gzett, annak ellen\u00e9re, hogy egy k\u00f6nny\u0171 aut\u00f3r\u00f3l besz\u00e9l\u00fcnk (1 035 kg), amely sok <a rel=\"noreferrer noopener\" href=\"http:\/\/volvo4xx.hu\/wp-content\/uploads\/2021\/02\/kasztni_muanyagok.jpg\" target=\"_blank\">m\u0171anyagb\u00f3l k\u00e9sz\u00edtett karossz\u00e9riaelemet<\/a> tartalmazott. A <a rel=\"noreferrer noopener\" href=\"http:\/\/volvo4xx.hu\/felnik\/\" target=\"_blank\">gy\u00e1ri k\u00f6nny\u0171f\u00e9m felnik<\/a> eg\u00e9sz sorozat\u00e1t tervezt\u00e9k \u00e9s gy\u00e1rtott\u00e1k a 480-asokhoz is, \u00e9vj\u00e1ratf\u00fcgg\u0151 a legt\u00f6bb, ahogy a karossz\u00e9ri\u00e1k&nbsp;<a href=\"http:\/\/volvo4xx.hu\/wp-content\/uploads\/2021\/01\/4xx_szinkodok.png\">sz\u00ednk\u00f3djai<\/a>&nbsp;is. A holland 480-asok klubj\u00e1nak port\u00e1lja&nbsp;<a href=\"https:\/\/www.volvo480register.nl\/velgen\/\">j\u00f3 \u00e1ttekint\u00e9st ad a felni- \u00e9s gumim\u00e9retekr\u0151l<\/a>. A turb\u00f3s \u00e9s a k\u00e9sei k\u00e9tliteres v\u00e1ltozatokn\u00e1l megjelentek a h\u0171t\u00f6tt els\u0151 f\u00e9kt\u00e1rcs\u00e1k, az utols\u00f3 \u00e9vj\u00e1ratokhoz az ABS mellett m\u00e1r alap volt a TRACS is.  <\/p>\n\n\n\n<figure class=\"wp-block-gallery has-nested-images columns-default is-cropped wp-block-gallery-4 is-layout-flex wp-block-gallery-is-layout-flex\">\n<figure class=\"wp-block-image size-large\"><img loading=\"lazy\" decoding=\"async\" width=\"270\" height=\"300\" data-id=\"402\" src=\"http:\/\/volvo4xx.hu\/wp-content\/uploads\/2021\/01\/hutott_tarcsafek-270x300-1.png\" alt=\"\" class=\"wp-image-402\"\/><\/figure>\n\n\n\n<figure class=\"wp-block-image size-large\"><img loading=\"lazy\" decoding=\"async\" width=\"150\" height=\"150\" data-id=\"844\" src=\"http:\/\/volvo4xx.hu\/wp-content\/uploads\/2021\/02\/taurus-150x150-1.jpg\" alt=\"\" class=\"wp-image-844\" srcset=\"https:\/\/volvo4xx.hu\/wp-content\/uploads\/2021\/02\/taurus-150x150-1.jpg 150w, https:\/\/volvo4xx.hu\/wp-content\/uploads\/2021\/02\/taurus-150x150-1-100x100.jpg 100w\" sizes=\"(max-width: 150px) 100vw, 150px\" \/><\/figure>\n\n\n\n<figure class=\"wp-block-image size-large\"><img loading=\"lazy\" decoding=\"async\" width=\"400\" height=\"384\" data-id=\"401\" src=\"http:\/\/volvo4xx.hu\/wp-content\/uploads\/2021\/01\/12-400x384-2.jpg\" alt=\"\" class=\"wp-image-401\" srcset=\"https:\/\/volvo4xx.hu\/wp-content\/uploads\/2021\/01\/12-400x384-2.jpg 400w, https:\/\/volvo4xx.hu\/wp-content\/uploads\/2021\/01\/12-400x384-2-300x288.jpg 300w\" sizes=\"(max-width: 400px) 100vw, 400px\" \/><\/figure>\n\n\n\n<figure class=\"wp-block-image size-large\"><img loading=\"lazy\" decoding=\"async\" width=\"800\" height=\"480\" data-id=\"908\" src=\"http:\/\/volvo4xx.hu\/wp-content\/uploads\/2021\/02\/480_C30_rs.jpg\" alt=\"\" class=\"wp-image-908\" srcset=\"https:\/\/volvo4xx.hu\/wp-content\/uploads\/2021\/02\/480_C30_rs.jpg 800w, https:\/\/volvo4xx.hu\/wp-content\/uploads\/2021\/02\/480_C30_rs-300x180.jpg 300w, https:\/\/volvo4xx.hu\/wp-content\/uploads\/2021\/02\/480_C30_rs-768x461.jpg 768w\" sizes=\"(max-width: 800px) 100vw, 800px\" \/><\/figure>\n<\/figure>\n\n\n\n<hr class=\"wp-block-separator has-css-opacity is-style-wide\"\/>\n\n\n\n<ul id=\"block-40a1a317-2258-47d6-9370-86e404ed940a\">\n<li>A 480-as t\u00edpus <a rel=\"noreferrer noopener\" href=\"http:\/\/volvo4xx.hu\/wp-content\/uploads\/2021\/02\/480_hasznalati_utasitas.pdf\" target=\"_blank\">gy\u00e1ri kezel\u00e9si \u00fatmutat\u00f3ja<\/a> (angol) <\/li>\n\n\n\n<li><a href=\"https:\/\/www.veikl.com\/d\/Volvo-480-Brochure-1989-NL-37977\">480-as holland nyelv\u0171 gy\u00e1ri prospektus<\/a> (1989)<\/li>\n\n\n\n<li><a href=\"https:\/\/www.veikl.com\/d\/Volvo-480-Brochure-1993-NL-37536\">480-as holland nyelv\u0171 gy\u00e1ri prospektus<\/a> (1993) <\/li>\n\n\n\n<li><a href=\"https:\/\/www.veikl.com\/d\/Volvo-480-Brochure-1995-NL-37538\">480-as holland nyelv\u0171 gy\u00e1ri prospektus<\/a> (1995)<\/li>\n\n\n\n<li><a href=\"https:\/\/www.veikl.com\/d\/Volvo-480-Accessories-Brochure-1989-NL-37420\">480-as kieg\u00e9sz\u00edt\u0151k katal\u00f3gusa<\/a> (1989)<\/li>\n\n\n\n<li><a href=\"https:\/\/youtu.be\/tjlSYstx0mU\">Me&amp;my VOLVO<\/a> (a h\u00e1rom t\u00edpust bemutat\u00f3 gy\u00e1ri kisfilm)<\/li>\n\n\n\n<li><a href=\"https:\/\/www.youtube.com\/watch?v=_LMROZiRY9w&amp;ab_channel=TrafikMagasinetBilTVmedPERSTAD\">VOLVO 480 ES &#8211; Vintertesting<\/a> (Trafikmagasinet, 1988)<\/li>\n\n\n\n<li><a href=\"https:\/\/www.youtube.com\/watch?v=RGx17mUIL4M&amp;ab_channel=GrandThriftAuto\">Volvo 480 v Honda Aerodeck<\/a> (Grand Thrift Auto, 2021)<\/li>\n\n\n\n<li>Sensible secondhand Classics: <a href=\"https:\/\/youtu.be\/BJK8qAzmNfM\" target=\"_blank\" rel=\"noreferrer noopener\">1988 VOLVO 480 1.7 ES.<\/a> (Lloyd Vehicle Consulting)<\/li>\n\n\n\n<li>VOLVO <a rel=\"noreferrer noopener\" href=\"https:\/\/youtu.be\/n1C5B6l4Guk\" target=\"_blank\">480 Cabrio<\/a> (Trafkmagasinet, 1990)<\/li>\n\n\n\n<li>VOLVO 480 <a rel=\"noreferrer noopener\" href=\"https:\/\/youtu.be\/GX92_kdew3U\" target=\"_blank\">Cabrio -1986<\/a> (YouTube)<\/li>\n\n\n\n<li>Real Road Test: <a rel=\"noreferrer noopener\" href=\"https:\/\/youtu.be\/db1tAw2Tpw8\" target=\"_blank\">Volvo 480<\/a> (2019)<\/li>\n\n\n\n<li>VOLVO 480 &#8211; <a href=\"https:\/\/youtu.be\/MyF51l4dbjU\" target=\"_blank\" rel=\"noreferrer noopener\">A Buyers Guide<\/a> (2021)<\/li>\n\n\n\n<li><a href=\"https:\/\/youtu.be\/eE5TnxC8tUw?si=HJyLqoDxlSiPw4_Q\" data-type=\"link\" data-id=\"https:\/\/youtu.be\/eE5TnxC8tUw?si=HJyLqoDxlSiPw4_Q\">Volvo 480 exterior, interior and driving fall<\/a> (2021)  <\/li>\n\n\n\n<li>Volvo 480 Turbo: <a href=\"https:\/\/youtu.be\/_-_JJtTF4Ek\" target=\"_blank\" rel=\"noreferrer noopener\">Com&#8217;era davvero l&#8217;outsider Svedese?<\/a> &#8211; Davide Cironi Drive Experience (2022)<\/li>\n\n\n\n<li>VOLVO 480 <a href=\"https:\/\/youtu.be\/ycK6c-HUML4?si=76OhqZOtd1zQDzZv\" data-type=\"link\" data-id=\"https:\/\/youtu.be\/ycK6c-HUML4?si=76OhqZOtd1zQDzZv\">S\/SE en detalle<\/a> (2021)<\/li>\n\n\n\n<li><a href=\"https:\/\/youtu.be\/akCcNztIu2M?si=_-llqjeBqnWFGS4r\" data-type=\"link\" data-id=\"https:\/\/youtu.be\/akCcNztIu2M?si=_-llqjeBqnWFGS4r\">It&#8217;s Boxy, but it&#8217;s got Pop-Ups!<\/a> Volvo 480 rewiev and drive (2023) <\/li>\n<\/ul>\n\n\n\n<p>A port\u00e1l fb oldala <a href=\"https:\/\/www.facebook.com\/profile.php?id=61584740642065\"><strong>ITT<\/strong><\/a> \u00e9rhet\u0151 el!<\/p>\n\n\n\n<hr class=\"wp-block-separator has-css-opacity is-style-wide\"\/>\n\n\n\n<p class=\"has-text-align-center\"><em>A honlapon szerepl\u0151 anyagok, k\u00e9pek a \u201cVolvo Car Corporation\u201d \u00e9s a magyarorsz\u00e1gi Volvo tulajdonosok szellemi tulajdon\u00e1t k\u00e9pezik!<\/em><\/p>\n","protected":false},"excerpt":{"rendered":"<p>Milyen el\u0151zm\u00e9nyei voltak a 480-asnak? Van k\u00f6vet\u0151je a t\u00edpusnak? A VOLVO az amerikai piacra koncentr\u00e1lva egy kism\u00e9ret\u0171, f\u00fcrge sportkocsival szeretett volna az ottani piacra bet\u00f6rni, akkor, amikor ott \u00e9s Eur\u00f3p\u00e1ban az \u00fcvegsz\u00e1l er\u0151s\u00edt\u00e9s\u0171 m\u0171anyagkasztnis sportaut\u00f3k m\u00e1r megjelentek (Lotus, Corvette, Studebaker). Vegy\u00fck id\u0151rendi sorrendben a VOLVO sportaut\u00f3it! 1954: a nagyon kis sz\u00e9ri\u00e1ban (67 db \u00e9s az [&hellip;]<\/p>\n","protected":false},"author":1,"featured_media":0,"parent":0,"menu_order":0,"comment_status":"closed","ping_status":"closed","template":"","meta":{"_exactmetrics_skip_tracking":false,"_exactmetrics_sitenote_active":false,"_exactmetrics_sitenote_note":"","_exactmetrics_sitenote_category":0,"footnotes":""},"_links":{"self":[{"href":"https:\/\/volvo4xx.hu\/index.php?rest_route=\/wp\/v2\/pages\/48"}],"collection":[{"href":"https:\/\/volvo4xx.hu\/index.php?rest_route=\/wp\/v2\/pages"}],"about":[{"href":"https:\/\/volvo4xx.hu\/index.php?rest_route=\/wp\/v2\/types\/page"}],"author":[{"embeddable":true,"href":"https:\/\/volvo4xx.hu\/index.php?rest_route=\/wp\/v2\/users\/1"}],"replies":[{"embeddable":true,"href":"https:\/\/volvo4xx.hu\/index.php?rest_route=%2Fwp%2Fv2%2Fcomments&post=48"}],"version-history":[{"count":83,"href":"https:\/\/volvo4xx.hu\/index.php?rest_route=\/wp\/v2\/pages\/48\/revisions"}],"predecessor-version":[{"id":2466,"href":"https:\/\/volvo4xx.hu\/index.php?rest_route=\/wp\/v2\/pages\/48\/revisions\/2466"}],"wp:attachment":[{"href":"https:\/\/volvo4xx.hu\/index.php?rest_route=%2Fwp%2Fv2%2Fmedia&parent=48"}],"curies":[{"name":"wp","href":"https:\/\/api.w.org\/{rel}","templated":true}]}}